
{"id":24820,"date":"2023-01-23T11:49:54","date_gmt":"2023-01-23T10:49:54","guid":{"rendered":"https:\/\/www.lasaintours.it\/the-petchou-veilla\/"},"modified":"2023-01-26T08:56:03","modified_gmt":"2023-01-26T07:56:03","slug":"the-petchou-veilla","status":"publish","type":"page","link":"https:\/\/www.lasaintours.it\/en\/the-petchou-veilla\/","title":{"rendered":"The Petchou Veilla"},"content":{"rendered":"<p>[et_pb_section fb_built=&#8221;1&#8243; custom_padding_last_edited=&#8221;on|tablet&#8221; module_id=&#8221;sfondo1&#8243; module_class=&#8221;sfondo1&#8243; _builder_version=&#8221;4.16&#8243; background_color=&#8221;#efd44c&#8221; background_color_gradient_direction=&#8221;145deg&#8221; custom_padding=&#8221;75px||0px||false|false&#8221; custom_padding_tablet=&#8221;50px||||false|false&#8221; custom_padding_phone=&#8221;&#8221; locked=&#8221;off&#8221; global_colors_info=&#8221;{}&#8221;][et_pb_row column_structure=&#8221;2_5,3_5&#8243; use_custom_gutter=&#8221;on&#8221; gutter_width=&#8221;1&#8243; make_equal=&#8221;on&#8221; _builder_version=&#8221;4.16&#8243; module_alignment=&#8221;center&#8221; custom_padding=&#8221;0px||0px||true|&#8221; global_colors_info=&#8221;{}&#8221;][et_pb_column type=&#8221;2_5&#8243; _builder_version=&#8221;4.16&#8243; custom_padding=&#8221;||||false|false&#8221; custom_padding_tablet=&#8221;||50px||false|false&#8221; custom_padding_phone=&#8221;&#8221; custom_padding_last_edited=&#8221;on|tablet&#8221; global_colors_info=&#8221;{}&#8221;][et_pb_text _builder_version=&#8221;4.17.3&#8243; header_text_color=&#8221;#222222&#8243; custom_margin=&#8221;||20px||false|false&#8221; global_colors_info=&#8221;{}&#8221;]<\/p>\n<h1 style=\"text-align: left;\">The Petchou Veilla<\/h1>\n<p>[\/et_pb_text][et_pb_divider color=&#8221;#222222&#8243; _builder_version=&#8221;4.16&#8243; _module_preset=&#8221;default&#8221; max_width=&#8221;500px&#8221; module_alignment=&#8221;left&#8221; custom_margin=&#8221;10px||0px||false|false&#8221; global_colors_info=&#8221;{}&#8221;][\/et_pb_divider][et_pb_text _builder_version=&#8221;4.17.3&#8243; header_text_color=&#8221;#FFFFFF&#8221; global_colors_info=&#8221;{}&#8221;]<\/p>\n<h3 style=\"text-align: left;\">30 January from 2 p.m. to 6 p.m.<\/h3>\n<p>[\/et_pb_text][et_pb_divider color=&#8221;#222222&#8243; _builder_version=&#8221;4.17.3&#8243; _module_preset=&#8221;default&#8221; max_width=&#8221;500px&#8221; module_alignment=&#8221;left&#8221; custom_margin=&#8221;10px||10px||true|false&#8221; global_colors_info=&#8221;{}&#8221;][\/et_pb_divider][et_pb_text _builder_version=&#8221;4.17.3&#8243; _module_preset=&#8221;default&#8221; text_text_color=&#8221;#222222&#8243; max_width=&#8221;250px&#8221; module_alignment=&#8221;left&#8221; custom_margin=&#8221;||35px||false|false&#8221; global_colors_info=&#8221;{}&#8221;]<\/p>\n<p>The Petchou Veilla, now in its seventeenth edition, will focus on theatrical performances, mini carpentry workshops and various activities for children.<\/p>\n<p>[\/et_pb_text][et_pb_image src=&#8221;https:\/\/www.lasaintours.it\/wp-content\/uploads\/2021\/06\/icona-pittogrammi-4.png&#8221; alt=&#8221;La Saint-Ours&#8221; title_text=&#8221;La Saint-Ours&#8221; _builder_version=&#8221;4.17.3&#8243; _module_preset=&#8221;default&#8221; max_width=&#8221;50px&#8221; custom_margin=&#8221;||||false|false&#8221; custom_padding=&#8221;||50px||false|false&#8221; custom_padding_tablet=&#8221;||0px||false|false&#8221; custom_padding_phone=&#8221;&#8221; custom_padding_last_edited=&#8221;on|tablet&#8221; animation_style=&#8221;roll&#8221; locked=&#8221;off&#8221; global_colors_info=&#8221;{}&#8221;][\/et_pb_image][\/et_pb_column][et_pb_column type=&#8221;3_5&#8243; _builder_version=&#8221;4.16&#8243; custom_padding=&#8221;||||false&#8221; custom_padding_tablet=&#8221;||0px||false|false&#8221; custom_padding_phone=&#8221;&#8221; custom_padding_last_edited=&#8221;on|tablet&#8221; global_colors_info=&#8221;{}&#8221;][et_pb_image src=&#8221;https:\/\/www.lasaintours.it\/wp-content\/uploads\/2022\/11\/logo-foire-2023.png&#8221; alt=&#8221;La Saint Ours&#8221; title_text=&#8221;La Saint Ours&#8221; disabled_on=&#8221;off|off|off&#8221; _builder_version=&#8221;4.17.3&#8243; _module_preset=&#8221;default&#8221; transform_scale_tablet=&#8221;&#8221; transform_scale_phone=&#8221;&#8221; transform_scale_last_edited=&#8221;on|desktop&#8221; transform_translate_tablet=&#8221;0px|0px&#8221; transform_translate_phone=&#8221;&#8221; transform_translate_last_edited=&#8221;on|tablet&#8221; transform_translate_linked=&#8221;off&#8221; transform_rotate_tablet=&#8221;&#8221; transform_rotate_phone=&#8221;&#8221; transform_rotate_last_edited=&#8221;on|desktop&#8221; transform_skew_tablet=&#8221;&#8221; transform_skew_phone=&#8221;&#8221; transform_skew_last_edited=&#8221;on|desktop&#8221; transform_origin_tablet=&#8221;&#8221; transform_origin_phone=&#8221;&#8221; transform_origin_last_edited=&#8221;on|desktop&#8221; transform_styles_last_edited=&#8221;on|tablet&#8221; z_index=&#8221;500&#8243; max_width=&#8221;600px&#8221; max_width_tablet=&#8221;200px&#8221; max_width_phone=&#8221;200px&#8221; max_width_last_edited=&#8221;on|phone&#8221; module_alignment=&#8221;center&#8221; custom_margin=&#8221;75px||0px||false|false&#8221; custom_padding=&#8221;||0px||false|false&#8221; animation_style=&#8221;slide&#8221; animation_direction=&#8221;right&#8221; transform_styles_tablet=&#8221;&#8221; transform_styles_phone=&#8221;&#8221; global_module=&#8221;715&#8243; global_colors_info=&#8221;{}&#8221;][\/et_pb_image][\/et_pb_column][\/et_pb_row][\/et_pb_section][et_pb_section fb_built=&#8221;1&#8243; custom_padding_last_edited=&#8221;on|tablet&#8221; module_id=&#8221;sfondo1&#8243; module_class=&#8221;sfondo1&#8243; _builder_version=&#8221;4.17.3&#8243; _module_preset=&#8221;default&#8221; background_color=&#8221;#efd44c&#8221; background_enable_image=&#8221;off&#8221; custom_padding=&#8221;0px||100px||false|false&#8221; custom_padding_tablet=&#8221;||50px||false|false&#8221; custom_padding_phone=&#8221;&#8221; locked=&#8221;off&#8221; global_colors_info=&#8221;{}&#8221;][et_pb_row use_custom_gutter=&#8221;on&#8221; gutter_width=&#8221;1&#8243; make_equal=&#8221;on&#8221; _builder_version=&#8221;4.17.3&#8243; _module_preset=&#8221;default&#8221; background_image=&#8221;https:\/\/www.lasaintours.it\/wp-content\/uploads\/2023\/01\/veilla-di-petchou.jpg&#8221; parallax=&#8221;on&#8221; custom_padding=&#8221;0px||0px||true|&#8221; global_colors_info=&#8221;{}&#8221;][et_pb_column type=&#8221;4_4&#8243; _builder_version=&#8221;4.16&#8243; _module_preset=&#8221;default&#8221; background_enable_color=&#8221;off&#8221; background_enable_image=&#8221;off&#8221; custom_padding=&#8221;250px||250px||true|true&#8221; custom_padding_tablet=&#8221;150px||150px||true|true&#8221; custom_padding_phone=&#8221;&#8221; custom_padding_last_edited=&#8221;on|tablet&#8221; global_colors_info=&#8221;{}&#8221;]<\/p>\n<p>[et_pb_divider show_divider=&#8221;off&#8221; _builder_version=&#8221;4.16&#8243; _module_preset=&#8221;default&#8221; global_colors_info=&#8221;{}&#8221;][\/et_pb_divider]<\/p>\n<p>[\/et_pb_column][\/et_pb_row][et_pb_row column_structure=&#8221;1_3,1_3,1_3&#8243; _builder_version=&#8221;4.17.3&#8243; _module_preset=&#8221;default&#8221; custom_padding=&#8221;0px||0px|||&#8221; locked=&#8221;off&#8221; global_colors_info=&#8221;{}&#8221;][et_pb_column type=&#8221;1_3&#8243; _builder_version=&#8221;4.16&#8243; _module_preset=&#8221;default&#8221; global_colors_info=&#8221;{}&#8221;][et_pb_image src=&#8221;https:\/\/www.lasaintours.it\/wp-content\/uploads\/2023\/01\/la-veilla-di-petchou.jpg&#8221; alt=&#8221;Artigianato di Tradizione &#8211; La Saint Ours&#8221; title_text=&#8221;The Petchou Veilla&#8221; _builder_version=&#8221;4.17.3&#8243; _module_preset=&#8221;default&#8221; background_color=&#8221;#FFFFFF&#8221; animation_style=&#8221;slide&#8221; animation_direction=&#8221;right&#8221; global_colors_info=&#8221;{}&#8221;][\/et_pb_image][\/et_pb_column][et_pb_column type=&#8221;1_3&#8243; _builder_version=&#8221;4.16&#8243; _module_preset=&#8221;default&#8221; custom_padding=&#8221;50px||0px||false|false&#8221; global_colors_info=&#8221;{}&#8221;][et_pb_text _builder_version=&#8221;4.17.3&#8243; _module_preset=&#8221;default&#8221; text_text_color=&#8221;#222222&#8243; custom_margin=&#8221;||30px|||&#8221; custom_padding=&#8221;||15px||false|false&#8221; border_width_bottom=&#8221;1px&#8221; global_colors_info=&#8221;{}&#8221;]<\/p>\n<h3>Organization<\/h3>\n<p>[\/et_pb_text][et_pb_text _builder_version=&#8221;4.17.3&#8243; _module_preset=&#8221;default&#8221; text_text_color=&#8221;#FFFFFF&#8221; custom_margin=&#8221;||30px|||&#8221; custom_padding=&#8221;||||false|false&#8221; hover_enabled=&#8221;0&#8243; global_colors_info=&#8221;{}&#8221; sticky_enabled=&#8221;0&#8243;]<\/p>\n<p>Traditional appointment aimed at children, dedicated to environmental issues, organized in collaboration with the Institut Vald\u00f4tain de l&#8217;Artisanat de Tradition (IVAT), with Europe Direct Vall\u00e9e d&#8217;Aoste, the \u00c9cole h\u00f4teli\u00e8re de la Vall\u00e9e d&#8217;Aoste, the Welfare educational centers (C.E.A.), with the participation of the actor Francesco Giorda of the Teatro della Caduta in Turin and the Legnige group.<\/p>\n<p>[\/et_pb_text][et_pb_text _builder_version=&#8221;4.17.3&#8243; _module_preset=&#8221;default&#8221; text_text_color=&#8221;#222222&#8243; custom_margin=&#8221;||30px|||&#8221; custom_padding=&#8221;||15px||false|false&#8221; border_width_bottom=&#8221;1px&#8221; global_colors_info=&#8221;{}&#8221;]<\/p>\n<h3>Event Programme<\/h3>\n<p>[\/et_pb_text][et_pb_text _builder_version=&#8221;4.17.3&#8243; _module_preset=&#8221;default&#8221; text_text_color=&#8221;#222222&#8243; custom_margin=&#8221;||30px|||&#8221; custom_padding=&#8221;||||false|false&#8221; global_colors_info=&#8221;{}&#8221;]<\/p>\n<p>1) A theatrical performance entitled &#8220;I&#8217;ll Save the Planet&#8221;, will be performed by actor Francesco Giorda of the Teatro della Caduta in Turin, who will teach children about some of the 101 ways to save the planet through practical experiments that, through juggling and entertaining anecdotes, will turn the show into an &#8220;active&#8221; workshop, during which the children will be invited to make small but significant gestures to become aware of the waste that surrounds us and the actions to take to avoid it. The show aims to explain the European Green Deal, one of the six priorities of the European Commission for the period 2019\/2024, which foresees an action plan aimed at achieving climate neutrality in Europe by 2050;<\/p>\n<p>2) Mini carpentry workshops, organized by MAV. In a true &#8220;child-friendly workshop&#8221; with drills, saws, rasps and hammers, participants will work with wood in the same way as &#8220;adults,&#8221; developing creativity and manual skills and rediscovering gestures and techniques from the past. An educational and fun experience, at the end of which each child will take home a personal pendant that embodies the commitment to reusing materials, as well as a symbol of Sant&#8217;Orso.<\/p>\n<p>[\/et_pb_text][\/et_pb_column][et_pb_column type=&#8221;1_3&#8243; _builder_version=&#8221;4.16&#8243; _module_preset=&#8221;default&#8221; custom_padding=&#8221;50px||0px||false|false&#8221; global_colors_info=&#8221;{}&#8221;][et_pb_text _builder_version=&#8221;4.17.3&#8243; _module_preset=&#8221;default&#8221; text_text_color=&#8221;#222222&#8243; custom_margin=&#8221;||30px|||&#8221; custom_padding=&#8221;||15px||false|false&#8221; border_width_bottom=&#8221;1px&#8221; global_colors_info=&#8221;{}&#8221;]<\/p>\n<h3>Free activities for children<\/h3>\n<p>[\/et_pb_text][et_pb_text _builder_version=&#8221;4.17.3&#8243; _module_preset=&#8221;default&#8221; text_text_color=&#8221;#222222&#8243; custom_margin=&#8221;||30px|||&#8221; custom_padding=&#8221;||||false|false&#8221; global_colors_info=&#8221;{}&#8221;]<\/p>\n<p>Activities are free and intended for children aged between 3 and 12 years. Reservations must be made directly on site, on 30 January.<br \/>\n&#8211; The traditional &#8220;hay battle,&#8221; during which children have fun unravelling a hay bale to the tune of the popular song &#8220;Dansa pa dessu lo fen,&#8221; played by the folk group Comit\u00e9 des Traditions Vald\u00f4taines, of Aoste. Traditions Vald\u00f4taines from Aosta. New for 2023:<\/strong>:<br \/>\n1) Some children will be involved in choosing the work displayed along the Fair route, which will be assigned to the winning theatre company of the Enfanth\u00e9atre 22\/23 performances by the Municipality of City of Aosta;<br \/>\n2) This year\u2019s Veill\u00e0 will feature the Legningegno group, who will fill the courtyard of the Cittadella with colourful and cheerful giant-size games. Legningegno is a group of people who provide giant wooden games for events, capable of satisfying the needs of both adults and children. These games are made in a woodworking workshop of the Centre for Educational Assistance of Hone &#8211; Regional Department of Health, Wellness, and Social Policies &#8211; by adults with a disability and aided by carpenters, educators and volunteers.<\/p>\n<p>[\/et_pb_text][\/et_pb_column][\/et_pb_row][\/et_pb_section]<\/p>\n","protected":false},"excerpt":{"rendered":"<p>The Petchou Veilla30 January from 2 p.m. to 6 p.m.The Petchou Veilla, now in its seventeenth edition, will focus on theatrical performances, mini carpentry workshops and various activities for children.OrganizationTraditional appointment aimed at children, dedicated to environmental issues, organized in collaboration with the Institut Vald\u00f4tain de l&#8217;Artisanat de Tradition (IVAT), with Europe Direct Vall\u00e9e d&#8217;Aoste, [&hellip;]<\/p>\n","protected":false},"author":1,"featured_media":0,"parent":0,"menu_order":0,"comment_status":"closed","ping_status":"closed","template":"","meta":{"_et_pb_use_builder":"on","_et_pb_old_content":"","_et_gb_content_width":"","footnotes":""},"archivio-pagine":[],"class_list":["post-24820","page","type-page","status-publish","hentry"],"yoast_head":"<!-- This site is optimized with the Yoast SEO plugin v25.5 - https:\/\/yoast.com\/wordpress\/plugins\/seo\/ -->\n<title>The Petchou Veilla - La Saint Ours<\/title>\n<meta name=\"description\" content=\"The Petchou Veilla, now in its seventeenth edition, will focus on theatrical performances, mini carpentry workshops and various activities ...\" \/>\n<meta name=\"robots\" content=\"index, follow, max-snippet:-1, max-image-preview:large, max-video-preview:-1\" \/>\n<link rel=\"canonical\" href=\"https:\/\/www.lasaintours.it\/la-veilla-di-petchou\/\" \/>\n<meta property=\"og:locale\" content=\"en_US\" \/>\n<meta property=\"og:type\" content=\"article\" \/>\n<meta property=\"og:title\" content=\"The Petchou Veilla - La Saint Ours\" \/>\n<meta property=\"og:description\" content=\"The Petchou Veilla, now in its seventeenth edition, will focus on theatrical performances, mini carpentry workshops and various activities ...\" \/>\n<meta property=\"og:url\" content=\"https:\/\/www.lasaintours.it\/la-veilla-di-petchou\/\" \/>\n<meta property=\"og:site_name\" content=\"La Saint Ours\" \/>\n<meta property=\"article:modified_time\" content=\"2023-01-26T07:56:03+00:00\" \/>\n<meta name=\"twitter:card\" content=\"summary_large_image\" \/>\n<meta name=\"twitter:label1\" content=\"Est. reading time\" \/>\n\t<meta name=\"twitter:data1\" content=\"7 minutes\" \/>\n<script type=\"application\/ld+json\" class=\"yoast-schema-graph\">{\"@context\":\"https:\/\/schema.org\",\"@graph\":[{\"@type\":\"WebPage\",\"@id\":\"https:\/\/www.lasaintours.it\/la-veilla-di-petchou\/\",\"url\":\"https:\/\/www.lasaintours.it\/la-veilla-di-petchou\/\",\"name\":\"The Petchou Veilla - La Saint Ours\",\"isPartOf\":{\"@id\":\"https:\/\/www.lasaintours.it\/#website\"},\"datePublished\":\"2023-01-23T10:49:54+00:00\",\"dateModified\":\"2023-01-26T07:56:03+00:00\",\"description\":\"The Petchou Veilla, now in its seventeenth edition, will focus on theatrical performances, mini carpentry workshops and various activities ...\",\"inLanguage\":\"en-US\",\"potentialAction\":[{\"@type\":\"ReadAction\",\"target\":[\"https:\/\/www.lasaintours.it\/la-veilla-di-petchou\/\"]}]},{\"@type\":\"WebSite\",\"@id\":\"https:\/\/www.lasaintours.it\/#website\",\"url\":\"https:\/\/www.lasaintours.it\/\",\"name\":\"La Saint Ours\",\"description\":\"Foire de Saint Ours\",\"potentialAction\":[{\"@type\":\"SearchAction\",\"target\":{\"@type\":\"EntryPoint\",\"urlTemplate\":\"https:\/\/www.lasaintours.it\/?s={search_term_string}\"},\"query-input\":{\"@type\":\"PropertyValueSpecification\",\"valueRequired\":true,\"valueName\":\"search_term_string\"}}],\"inLanguage\":\"en-US\"}]}<\/script>\n<!-- \/ Yoast SEO plugin. -->","yoast_head_json":{"title":"The Petchou Veilla - La Saint Ours","description":"The Petchou Veilla, now in its seventeenth edition, will focus on theatrical performances, mini carpentry workshops and various activities ...","robots":{"index":"index","follow":"follow","max-snippet":"max-snippet:-1","max-image-preview":"max-image-preview:large","max-video-preview":"max-video-preview:-1"},"canonical":"https:\/\/www.lasaintours.it\/la-veilla-di-petchou\/","og_locale":"en_US","og_type":"article","og_title":"The Petchou Veilla - La Saint Ours","og_description":"The Petchou Veilla, now in its seventeenth edition, will focus on theatrical performances, mini carpentry workshops and various activities ...","og_url":"https:\/\/www.lasaintours.it\/la-veilla-di-petchou\/","og_site_name":"La Saint Ours","article_modified_time":"2023-01-26T07:56:03+00:00","twitter_card":"summary_large_image","twitter_misc":{"Est. reading time":"7 minutes"},"schema":{"@context":"https:\/\/schema.org","@graph":[{"@type":"WebPage","@id":"https:\/\/www.lasaintours.it\/la-veilla-di-petchou\/","url":"https:\/\/www.lasaintours.it\/la-veilla-di-petchou\/","name":"The Petchou Veilla - La Saint Ours","isPartOf":{"@id":"https:\/\/www.lasaintours.it\/#website"},"datePublished":"2023-01-23T10:49:54+00:00","dateModified":"2023-01-26T07:56:03+00:00","description":"The Petchou Veilla, now in its seventeenth edition, will focus on theatrical performances, mini carpentry workshops and various activities ...","inLanguage":"en-US","potentialAction":[{"@type":"ReadAction","target":["https:\/\/www.lasaintours.it\/la-veilla-di-petchou\/"]}]},{"@type":"WebSite","@id":"https:\/\/www.lasaintours.it\/#website","url":"https:\/\/www.lasaintours.it\/","name":"La Saint Ours","description":"Foire de Saint Ours","potentialAction":[{"@type":"SearchAction","target":{"@type":"EntryPoint","urlTemplate":"https:\/\/www.lasaintours.it\/?s={search_term_string}"},"query-input":{"@type":"PropertyValueSpecification","valueRequired":true,"valueName":"search_term_string"}}],"inLanguage":"en-US"}]}},"_links":{"self":[{"href":"https:\/\/www.lasaintours.it\/en\/wp-json\/wp\/v2\/pages\/24820","targetHints":{"allow":["GET"]}}],"collection":[{"href":"https:\/\/www.lasaintours.it\/en\/wp-json\/wp\/v2\/pages"}],"about":[{"href":"https:\/\/www.lasaintours.it\/en\/wp-json\/wp\/v2\/types\/page"}],"author":[{"embeddable":true,"href":"https:\/\/www.lasaintours.it\/en\/wp-json\/wp\/v2\/users\/1"}],"replies":[{"embeddable":true,"href":"https:\/\/www.lasaintours.it\/en\/wp-json\/wp\/v2\/comments?post=24820"}],"version-history":[{"count":4,"href":"https:\/\/www.lasaintours.it\/en\/wp-json\/wp\/v2\/pages\/24820\/revisions"}],"predecessor-version":[{"id":24913,"href":"https:\/\/www.lasaintours.it\/en\/wp-json\/wp\/v2\/pages\/24820\/revisions\/24913"}],"wp:attachment":[{"href":"https:\/\/www.lasaintours.it\/en\/wp-json\/wp\/v2\/media?parent=24820"}],"wp:term":[{"taxonomy":"archivio-pagine","embeddable":true,"href":"https:\/\/www.lasaintours.it\/en\/wp-json\/wp\/v2\/archivio-pagine?post=24820"}],"curies":[{"name":"wp","href":"https:\/\/api.w.org\/{rel}","templated":true}]}}