
{"id":17312,"date":"2021-08-05T10:22:47","date_gmt":"2021-08-05T08:22:47","guid":{"rendered":"https:\/\/www.lasaintours.it\/ivat\/"},"modified":"2025-12-04T15:21:48","modified_gmt":"2025-12-04T14:21:48","slug":"ivat","status":"publish","type":"page","link":"https:\/\/www.lasaintours.it\/fr\/ivat\/","title":{"rendered":"IVAT"},"content":{"rendered":"<p>[et_pb_section fb_built=\u00a0\u00bb1&Prime; custom_padding_last_edited=\u00a0\u00bbon|tablet\u00a0\u00bb module_id=\u00a0\u00bbsfondo1&Prime; module_class=\u00a0\u00bbsfondo1&Prime; _builder_version=\u00a0\u00bb4.23.2&Prime; background_color=\u00a0\u00bb#761813&Prime; custom_padding=\u00a0\u00bb75px||0px||false|false\u00a0\u00bb custom_padding_tablet=\u00a0\u00bb50px||||false|false\u00a0\u00bb custom_padding_phone=\u00a0\u00bb\u00a0\u00bb hover_enabled=\u00a0\u00bb0&Prime; locked=\u00a0\u00bboff\u00a0\u00bb collapsed=\u00a0\u00bboff\u00a0\u00bb global_colors_info=\u00a0\u00bb{}\u00a0\u00bb custom_margin=\u00a0\u00bb200px||||false|false\u00a0\u00bb sticky_enabled=\u00a0\u00bb0&Prime;][et_pb_row column_structure=\u00a0\u00bb2_5,3_5&Prime; use_custom_gutter=\u00a0\u00bbon\u00a0\u00bb gutter_width=\u00a0\u00bb1&Prime; make_equal=\u00a0\u00bbon\u00a0\u00bb _builder_version=\u00a0\u00bb4.16&Prime; module_alignment=\u00a0\u00bbcenter\u00a0\u00bb custom_padding=\u00a0\u00bb0px||0px||true|\u00a0\u00bb collapsed=\u00a0\u00bboff\u00a0\u00bb global_colors_info=\u00a0\u00bb{}\u00a0\u00bb][et_pb_column type=\u00a0\u00bb2_5&Prime; _builder_version=\u00a0\u00bb4.16&Prime; custom_padding=\u00a0\u00bb||||false|false\u00a0\u00bb custom_padding_tablet=\u00a0\u00bb||50px||false|false\u00a0\u00bb custom_padding_phone=\u00a0\u00bb\u00a0\u00bb custom_padding_last_edited=\u00a0\u00bbon|tablet\u00a0\u00bb global_colors_info=\u00a0\u00bb{}\u00a0\u00bb][et_pb_text _builder_version=\u00a0\u00bb4.23.2&Prime; header_text_color=\u00a0\u00bb#222222&Prime; custom_margin=\u00a0\u00bb||20px||false|false\u00a0\u00bb global_colors_info=\u00a0\u00bb{}\u00a0\u00bb]<\/p>\n<h1 style=\"text-align: left;\">L&rsquo;ARTISAN\u00c0<\/h1>\n<p>[\/et_pb_text][et_pb_divider color=\u00a0\u00bb#FFFFFF\u00a0\u00bb _builder_version=\u00a0\u00bb4.23.2&Prime; _module_preset=\u00a0\u00bbdefault\u00a0\u00bb max_width=\u00a0\u00bb500px\u00a0\u00bb module_alignment=\u00a0\u00bbleft\u00a0\u00bb custom_margin=\u00a0\u00bb10px||10px||true|false\u00a0\u00bb global_colors_info=\u00a0\u00bb{}\u00a0\u00bb][\/et_pb_divider][et_pb_text _builder_version=\u00a0\u00bb4.16&Prime; _module_preset=\u00a0\u00bbdefault\u00a0\u00bb text_text_color=\u00a0\u00bb#222222&Prime; max_width=\u00a0\u00bb250px\u00a0\u00bb module_alignment=\u00a0\u00bbleft\u00a0\u00bb custom_margin=\u00a0\u00bb||35px||false|false\u00a0\u00bb global_colors_info=\u00a0\u00bb{}\u00a0\u00bb]<\/p>\n<p style=\"font-weight: 400;\">Imaginez devoir vous souvenir de mille ans de personnes, d\u2019\u00e9v\u00e9nements, de savoir-faire manuels.<br \/>Et si quelqu\u2019un vous aidait \u00e0 vous souvenir ?<\/p>\n<p>[\/et_pb_text][et_pb_image src=\u00a0\u00bbhttps:\/\/www.lasaintours.it\/wp-content\/uploads\/2021\/06\/icona-pittogrammi-4.png\u00a0\u00bb alt=\u00a0\u00bbLa Saint Ours\u00a0\u00bb title_text=\u00a0\u00bbLa Saint Ours\u00a0\u00bb _builder_version=\u00a0\u00bb4.16&Prime; _module_preset=\u00a0\u00bbdefault\u00a0\u00bb max_width=\u00a0\u00bb50px\u00a0\u00bb custom_margin=\u00a0\u00bb||||false|false\u00a0\u00bb custom_padding=\u00a0\u00bb||50px||false|false\u00a0\u00bb custom_padding_tablet=\u00a0\u00bb||0px||false|false\u00a0\u00bb custom_padding_phone=\u00a0\u00bb\u00a0\u00bb custom_padding_last_edited=\u00a0\u00bbon|tablet\u00a0\u00bb animation_style=\u00a0\u00bbroll\u00a0\u00bb locked=\u00a0\u00bboff\u00a0\u00bb global_colors_info=\u00a0\u00bb{}\u00a0\u00bb][\/et_pb_image][\/et_pb_column][et_pb_column type=\u00a0\u00bb3_5&Prime; _builder_version=\u00a0\u00bb4.16&Prime; custom_padding=\u00a0\u00bb||||false\u00a0\u00bb custom_padding_tablet=\u00a0\u00bb||0px||false|false\u00a0\u00bb custom_padding_phone=\u00a0\u00bb\u00a0\u00bb custom_padding_last_edited=\u00a0\u00bbon|tablet\u00a0\u00bb global_colors_info=\u00a0\u00bb{}\u00a0\u00bb][et_pb_image src=\u00a0\u00bbhttps:\/\/www.lasaintours.it\/wp-content\/uploads\/2025\/12\/Img_SaintOurs_ARTISANA03a.png\u00a0\u00bb alt=\u00a0\u00bbLa Saint Ours\u00a0\u00bb title_text=\u00a0\u00bbImg_SaintOurs_ARTISANA03a\u00a0\u00bb disabled_on=\u00a0\u00bboff|off|off\u00a0\u00bb _builder_version=\u00a0\u00bb4.23.2&Prime; _module_preset=\u00a0\u00bbdefault\u00a0\u00bb transform_scale_tablet=\u00a0\u00bb\u00a0\u00bb transform_scale_phone=\u00a0\u00bb\u00a0\u00bb transform_scale_last_edited=\u00a0\u00bbon|desktop\u00a0\u00bb transform_translate_tablet=\u00a0\u00bb0px|0px\u00a0\u00bb transform_translate_phone=\u00a0\u00bb\u00a0\u00bb transform_translate_last_edited=\u00a0\u00bbon|tablet\u00a0\u00bb transform_translate_linked=\u00a0\u00bboff\u00a0\u00bb transform_rotate_tablet=\u00a0\u00bb\u00a0\u00bb transform_rotate_phone=\u00a0\u00bb\u00a0\u00bb transform_rotate_last_edited=\u00a0\u00bbon|desktop\u00a0\u00bb transform_skew_tablet=\u00a0\u00bb\u00a0\u00bb transform_skew_phone=\u00a0\u00bb\u00a0\u00bb transform_skew_last_edited=\u00a0\u00bbon|desktop\u00a0\u00bb transform_origin_tablet=\u00a0\u00bb\u00a0\u00bb transform_origin_phone=\u00a0\u00bb\u00a0\u00bb transform_origin_last_edited=\u00a0\u00bbon|desktop\u00a0\u00bb transform_styles_last_edited=\u00a0\u00bbon|tablet\u00a0\u00bb z_index=\u00a0\u00bb500&Prime; max_width=\u00a0\u00bb600px\u00a0\u00bb max_width_tablet=\u00a0\u00bb300px\u00a0\u00bb max_width_phone=\u00a0\u00bb300px\u00a0\u00bb max_width_last_edited=\u00a0\u00bbon|phone\u00a0\u00bb module_alignment=\u00a0\u00bbcenter\u00a0\u00bb custom_margin=\u00a0\u00bb-40px||0px||false|false\u00a0\u00bb custom_padding=\u00a0\u00bb||0px||false|false\u00a0\u00bb animation_style=\u00a0\u00bbslide\u00a0\u00bb animation_direction=\u00a0\u00bbright\u00a0\u00bb hover_enabled=\u00a0\u00bb0&Prime; transform_styles_tablet=\u00a0\u00bb\u00a0\u00bb transform_styles_phone=\u00a0\u00bb\u00a0\u00bb global_module=\u00a0\u00bb715&Prime; global_colors_info=\u00a0\u00bb{}\u00a0\u00bb width=\u00a0\u00bb34%\u00a0\u00bb sticky_enabled=\u00a0\u00bb0&Prime;][\/et_pb_image][\/et_pb_column][\/et_pb_row][\/et_pb_section][et_pb_section fb_built=\u00a0\u00bb1&Prime; custom_padding_last_edited=\u00a0\u00bbon|tablet\u00a0\u00bb module_id=\u00a0\u00bbsfondo1&Prime; module_class=\u00a0\u00bbsfondo1&Prime; _builder_version=\u00a0\u00bb4.23.2&Prime; _module_preset=\u00a0\u00bbdefault\u00a0\u00bb background_color=\u00a0\u00bb#761813&Prime; background_enable_image=\u00a0\u00bboff\u00a0\u00bb custom_padding=\u00a0\u00bb0px||100px||false|false\u00a0\u00bb custom_padding_tablet=\u00a0\u00bb||50px||false|false\u00a0\u00bb custom_padding_phone=\u00a0\u00bb\u00a0\u00bb locked=\u00a0\u00bboff\u00a0\u00bb global_colors_info=\u00a0\u00bb{}\u00a0\u00bb][et_pb_row use_custom_gutter=\u00a0\u00bbon\u00a0\u00bb gutter_width=\u00a0\u00bb1&Prime; make_equal=\u00a0\u00bbon\u00a0\u00bb _builder_version=\u00a0\u00bb4.17.3&Prime; _module_preset=\u00a0\u00bbdefault\u00a0\u00bb background_image=\u00a0\u00bbhttps:\/\/www.lasaintours.it\/wp-content\/uploads\/2022\/07\/ivat-2022-3.jpg\u00a0\u00bb parallax=\u00a0\u00bbon\u00a0\u00bb custom_padding=\u00a0\u00bb0px||0px||true|\u00a0\u00bb global_colors_info=\u00a0\u00bb{}\u00a0\u00bb][et_pb_column type=\u00a0\u00bb4_4&Prime; _builder_version=\u00a0\u00bb4.17.3&Prime; _module_preset=\u00a0\u00bbdefault\u00a0\u00bb background_enable_color=\u00a0\u00bboff\u00a0\u00bb background_enable_image=\u00a0\u00bboff\u00a0\u00bb custom_padding=\u00a0\u00bb250px||250px||true|true\u00a0\u00bb custom_padding_tablet=\u00a0\u00bb150px||150px||true|true\u00a0\u00bb custom_padding_phone=\u00a0\u00bb\u00a0\u00bb custom_padding_last_edited=\u00a0\u00bbon|tablet\u00a0\u00bb global_colors_info=\u00a0\u00bb{}\u00a0\u00bb][et_pb_divider show_divider=\u00a0\u00bboff\u00a0\u00bb _builder_version=\u00a0\u00bb4.16&Prime; _module_preset=\u00a0\u00bbdefault\u00a0\u00bb global_colors_info=\u00a0\u00bb{}\u00a0\u00bb][\/et_pb_divider][\/et_pb_column][\/et_pb_row][et_pb_row column_structure=\u00a0\u00bb1_3,1_3,1_3&Prime; _builder_version=\u00a0\u00bb4.16&Prime; _module_preset=\u00a0\u00bbdefault\u00a0\u00bb custom_padding=\u00a0\u00bb0px||0px|||\u00a0\u00bb locked=\u00a0\u00bboff\u00a0\u00bb global_colors_info=\u00a0\u00bb{}\u00a0\u00bb][et_pb_column type=\u00a0\u00bb1_3&Prime; _builder_version=\u00a0\u00bb4.16&Prime; _module_preset=\u00a0\u00bbdefault\u00a0\u00bb global_colors_info=\u00a0\u00bb{}\u00a0\u00bb][et_pb_image src=\u00a0\u00bbhttps:\/\/www.lasaintours.it\/wp-content\/uploads\/2021\/07\/lartisana-ivat-16.jpg\u00a0\u00bb alt=\u00a0\u00bbIVAT &#8211; La Saint-Ours\u00a0\u00bb title_text=\u00a0\u00bbIVAT &#8211; La Saint-Ours\u00a0\u00bb _builder_version=\u00a0\u00bb4.16&Prime; _module_preset=\u00a0\u00bbdefault\u00a0\u00bb animation_style=\u00a0\u00bbslide\u00a0\u00bb animation_direction=\u00a0\u00bbright\u00a0\u00bb global_colors_info=\u00a0\u00bb{}\u00a0\u00bb][\/et_pb_image][\/et_pb_column][et_pb_column type=\u00a0\u00bb1_3&Prime; _builder_version=\u00a0\u00bb4.16&Prime; _module_preset=\u00a0\u00bbdefault\u00a0\u00bb custom_padding=\u00a0\u00bb50px||0px||false|false\u00a0\u00bb global_colors_info=\u00a0\u00bb{}\u00a0\u00bb][et_pb_text _builder_version=\u00a0\u00bb4.23.2&Prime; _module_preset=\u00a0\u00bbdefault\u00a0\u00bb text_text_color=\u00a0\u00bb#222222&Prime; custom_margin=\u00a0\u00bb||30px|||\u00a0\u00bb custom_padding=\u00a0\u00bb||15px||false|false\u00a0\u00bb border_width_bottom=\u00a0\u00bb1px\u00a0\u00bb global_colors_info=\u00a0\u00bb{}\u00a0\u00bb border_color_all=\u00a0\u00bb#FFFFFF\u00a0\u00bb]<\/p>\n<h3>Mille ans en quatre mots<\/h3>\n<p>[\/et_pb_text][et_pb_text _builder_version=\u00a0\u00bb4.16&Prime; _module_preset=\u00a0\u00bbdefault\u00a0\u00bb text_text_color=\u00a0\u00bb#222222&Prime; custom_margin=\u00a0\u00bb||30px|||\u00a0\u00bb custom_padding=\u00a0\u00bb||||false|false\u00a0\u00bb global_colors_info=\u00a0\u00bb{}\u00a0\u00bb]<\/p>\n<p style=\"font-weight: 400;\">Fond\u00e9 en 1945 pour prot\u00e9ger et pr\u00e9server l\u2019artisanat en Vall\u00e9e d\u2019Aoste.<br \/>L\u2019ARTISAN\u00c0 poursuit sa mission avec des mus\u00e9es, des ateliers p\u00e9dagogiques et de nouvelles marques de communication, portant haut le drapeau de la tradition.<\/p>\n<p>[\/et_pb_text][\/et_pb_column][et_pb_column type=\u00a0\u00bb1_3&Prime; _builder_version=\u00a0\u00bb4.16&Prime; _module_preset=\u00a0\u00bbdefault\u00a0\u00bb custom_padding=\u00a0\u00bb50px||50px||false|false\u00a0\u00bb custom_padding_tablet=\u00a0\u00bb0px||0px||false|false\u00a0\u00bb custom_padding_phone=\u00a0\u00bb\u00a0\u00bb custom_padding_last_edited=\u00a0\u00bbon|tablet\u00a0\u00bb global_colors_info=\u00a0\u00bb{}\u00a0\u00bb][et_pb_text _builder_version=\u00a0\u00bb4.16&Prime; _module_preset=\u00a0\u00bbdefault\u00a0\u00bb text_text_color=\u00a0\u00bb#222222&Prime; custom_margin=\u00a0\u00bb||30px|||\u00a0\u00bb custom_padding=\u00a0\u00bb||15px||false|false\u00a0\u00bb border_width_bottom=\u00a0\u00bb1px\u00a0\u00bb global_colors_info=\u00a0\u00bb{}\u00a0\u00bb]<\/p>\n<h3>Info<\/h3>\n<p>[\/et_pb_text][et_pb_blurb title=\u00a0\u00bbaosta\u00a0\u00bb use_icon=\u00a0\u00bbon\u00a0\u00bb font_icon=\u00a0\u00bb&#xe01d;||divi||400&Prime; icon_color=\u00a0\u00bb#FFFFFF\u00a0\u00bb icon_placement=\u00a0\u00bbleft\u00a0\u00bb image_icon_width=\u00a0\u00bb20px\u00a0\u00bb _builder_version=\u00a0\u00bb4.23.2&Prime; _module_preset=\u00a0\u00bbdefault\u00a0\u00bb header_level=\u00a0\u00bbh5&Prime; header_font=\u00a0\u00bb|||on|||||\u00a0\u00bb body_text_color=\u00a0\u00bb#222222&Prime; icon_font_size=\u00a0\u00bb20px\u00a0\u00bb global_colors_info=\u00a0\u00bb{}\u00a0\u00bb]<\/p>\n<p>Rue Chamb\u00e9ry, 95<br \/>11100 Aoste<\/p>\n<p>[\/et_pb_blurb][et_pb_blurb title=\u00a0\u00bb+39 0165 26 36 09&Prime; use_icon=\u00a0\u00bbon\u00a0\u00bb font_icon=\u00a0\u00bb&#xe00b;||divi||400&Prime; icon_color=\u00a0\u00bb#FFFFFF\u00a0\u00bb icon_placement=\u00a0\u00bbleft\u00a0\u00bb image_icon_width=\u00a0\u00bb20px\u00a0\u00bb _builder_version=\u00a0\u00bb4.23.2&Prime; _module_preset=\u00a0\u00bbdefault\u00a0\u00bb header_level=\u00a0\u00bbh5&Prime; header_font=\u00a0\u00bb|||on|||||\u00a0\u00bb body_text_color=\u00a0\u00bb#222222&Prime; custom_margin=\u00a0\u00bb||15px||false|false\u00a0\u00bb link_option_url=\u00a0\u00bbtel:+390165263609&Prime; link_option_url_new_window=\u00a0\u00bbon\u00a0\u00bb icon_font_size=\u00a0\u00bb20px\u00a0\u00bb global_colors_info=\u00a0\u00bb{}\u00a0\u00bb][\/et_pb_blurb][et_pb_blurb title=\u00a0\u00bbEnvoyez un e-mail \u00a0\u00bb use_icon=\u00a0\u00bbon\u00a0\u00bb font_icon=\u00a0\u00bb&#xe010;||divi||400&Prime; icon_color=\u00a0\u00bb#FFFFFF\u00a0\u00bb icon_placement=\u00a0\u00bbleft\u00a0\u00bb image_icon_width=\u00a0\u00bb20px\u00a0\u00bb _builder_version=\u00a0\u00bb4.23.2&Prime; _module_preset=\u00a0\u00bbdefault\u00a0\u00bb header_level=\u00a0\u00bbh5&Prime; header_font=\u00a0\u00bb|||on|||||\u00a0\u00bb body_text_color=\u00a0\u00bb#222222&Prime; custom_margin=\u00a0\u00bb||15px||false|false\u00a0\u00bb link_option_url=\u00a0\u00bbmailto:info@lartisana.vda.it\u00a0\u00bb link_option_url_new_window=\u00a0\u00bbon\u00a0\u00bb icon_font_size=\u00a0\u00bb20px\u00a0\u00bb global_colors_info=\u00a0\u00bb{}\u00a0\u00bb][\/et_pb_blurb][et_pb_blurb title=\u00a0\u00bbVisitez le site Web \u00a0\u00bb use_icon=\u00a0\u00bbon\u00a0\u00bb font_icon=\u00a0\u00bb&#xe0e3;||divi||400&Prime; icon_color=\u00a0\u00bb#FFFFFF\u00a0\u00bb icon_placement=\u00a0\u00bbleft\u00a0\u00bb image_icon_width=\u00a0\u00bb20px\u00a0\u00bb _builder_version=\u00a0\u00bb4.23.2&Prime; _module_preset=\u00a0\u00bbdefault\u00a0\u00bb header_level=\u00a0\u00bbh5&Prime; header_font=\u00a0\u00bb|||on|||||\u00a0\u00bb body_text_color=\u00a0\u00bb#222222&Prime; custom_margin=\u00a0\u00bb||0px||false|false\u00a0\u00bb link_option_url=\u00a0\u00bbhttps:\/\/www.lartisana.vda.it\/\u00a0\u00bb link_option_url_new_window=\u00a0\u00bbon\u00a0\u00bb icon_font_size=\u00a0\u00bb20px\u00a0\u00bb global_colors_info=\u00a0\u00bb{}\u00a0\u00bb][\/et_pb_blurb][\/et_pb_column][\/et_pb_row][\/et_pb_section][et_pb_section fb_built=\u00a0\u00bb1&Prime; custom_padding_last_edited=\u00a0\u00bbon|tablet\u00a0\u00bb _builder_version=\u00a0\u00bb4.23.2&Prime; _module_preset=\u00a0\u00bbdefault\u00a0\u00bb custom_padding=\u00a0\u00bb100px||100px||true|false\u00a0\u00bb custom_padding_tablet=\u00a0\u00bb50px||50px||true|false\u00a0\u00bb custom_padding_phone=\u00a0\u00bb\u00a0\u00bb locked=\u00a0\u00bboff\u00a0\u00bb global_colors_info=\u00a0\u00bb{}\u00a0\u00bb background_color=\u00a0\u00bb#FFFFFF\u00a0\u00bb][et_pb_row column_structure=\u00a0\u00bb3_5,2_5&Prime; _builder_version=\u00a0\u00bb4.16&Prime; _module_preset=\u00a0\u00bbdefault\u00a0\u00bb custom_padding=\u00a0\u00bb0px||0px||true|\u00a0\u00bb global_colors_info=\u00a0\u00bb{}\u00a0\u00bb][et_pb_column type=\u00a0\u00bb3_5&Prime; _builder_version=\u00a0\u00bb4.16&Prime; _module_preset=\u00a0\u00bbdefault\u00a0\u00bb global_colors_info=\u00a0\u00bb{}\u00a0\u00bb][et_pb_text _builder_version=\u00a0\u00bb4.16&Prime; _module_preset=\u00a0\u00bbdefault\u00a0\u00bb custom_margin=\u00a0\u00bb||5px||false|false\u00a0\u00bb global_colors_info=\u00a0\u00bb{}\u00a0\u00bb]<\/p>\n<h2 style=\"text-align: left;\">DIFF\u00c9RENTES M\u00c9thodes<br \/>MAIS TOUJOURS EFFICACES\u2026<\/h2>\n<p>[\/et_pb_text][et_pb_text _builder_version=\u00a0\u00bb4.16&Prime; _module_preset=\u00a0\u00bbdefault\u00a0\u00bb header_2_text_color=\u00a0\u00bb#EDD83B\u00a0\u00bb max_width=\u00a0\u00bb350px\u00a0\u00bb module_alignment=\u00a0\u00bbleft\u00a0\u00bb global_colors_info=\u00a0\u00bb{}\u00a0\u00bb]<\/p>\n<h3>\u2026pour transmettre le savoir, avec des nombreuses initiatives et un seul objectif.<\/h3>\n<p>[\/et_pb_text][et_pb_image src=\u00a0\u00bbhttps:\/\/www.lasaintours.it\/wp-content\/uploads\/2021\/07\/lartisana-ivat-17.jpg\u00a0\u00bb alt=\u00a0\u00bbIVAT &#8211; La Saint-Ours\u00a0\u00bb title_text=\u00a0\u00bbIVAT &#8211; La Saint-Ours\u00a0\u00bb _builder_version=\u00a0\u00bb4.16&Prime; _module_preset=\u00a0\u00bbdefault\u00a0\u00bb global_colors_info=\u00a0\u00bb{}\u00a0\u00bb][\/et_pb_image][\/et_pb_column][et_pb_column type=\u00a0\u00bb2_5&Prime; _builder_version=\u00a0\u00bb4.16&Prime; _module_preset=\u00a0\u00bbdefault\u00a0\u00bb global_colors_info=\u00a0\u00bb{}\u00a0\u00bb][et_pb_image src=\u00a0\u00bbhttps:\/\/www.lasaintours.it\/wp-content\/uploads\/2021\/06\/ferro.jpg\u00a0\u00bb alt=\u00a0\u00bbIVAT &#8211; La Saint-Ours\u00a0\u00bb title_text=\u00a0\u00bbIVAT &#8211; La Saint-Ours\u00a0\u00bb _builder_version=\u00a0\u00bb4.16&Prime; _module_preset=\u00a0\u00bbdefault\u00a0\u00bb max_width=\u00a0\u00bb400px\u00a0\u00bb module_alignment=\u00a0\u00bbleft\u00a0\u00bb filter_saturate=\u00a0\u00bb75%\u00a0\u00bb global_colors_info=\u00a0\u00bb{}\u00a0\u00bb filter_saturate__hover_enabled=\u00a0\u00bboff|hover\u00a0\u00bb][\/et_pb_image][et_pb_text _builder_version=\u00a0\u00bb4.16&Prime; _module_preset=\u00a0\u00bbdefault\u00a0\u00bb header_2_text_color=\u00a0\u00bb#EDD83B\u00a0\u00bb max_width=\u00a0\u00bb350px\u00a0\u00bb module_alignment=\u00a0\u00bbleft\u00a0\u00bb custom_margin=\u00a0\u00bb||5px||false|false\u00a0\u00bb global_colors_info=\u00a0\u00bb{}\u00a0\u00bb]<\/p>\n<h3>De multiples initiatives,<br \/>un seul et m\u00eame objectif<\/h3>\n<p>[\/et_pb_text][et_pb_text _builder_version=\u00a0\u00bb4.16&Prime; _module_preset=\u00a0\u00bbdefault\u00a0\u00bb max_width=\u00a0\u00bb250px\u00a0\u00bb module_alignment=\u00a0\u00bbleft\u00a0\u00bb global_colors_info=\u00a0\u00bb{}\u00a0\u00bb]<\/p>\n<p>Une banque de donn\u00e9es num\u00e9rique des artisans, un label appos\u00e9 sur les \u0153uvres r\u00e9alis\u00e9es dans le respect de normes s\u00e9v\u00e8res, un centre d\u2019\u00e9tudes o\u00f9 approfondir ce qu\u2019est l\u2019artisanat qui comprend plus de deux cents volumes th\u00e9matiques.<\/p>\n<p>Une banque de donn\u00e9es num\u00e9rique des artisans, un label appos\u00e9 sur les \u0153uvres r\u00e9alis\u00e9es dans le respect de normes s\u00e9v\u00e8res, un centre d\u2019\u00e9tudes o\u00f9 approfondir ce qu\u2019est l\u2019artisanat qui comprend plus de deux cents volumes th\u00e9matiques. Et encore des magasins, des boutiques et des points de vente, ces \u00ab Coins \u00bb install\u00e9s un peu partout sur le territoire, une branche e-commerce pour l\u2019achat en ligne, des mus\u00e9es et des expositions th\u00e9matiques : c\u2019est tout cela \u2013 <br \/>et bien plus encore \u2013 qui vous attend dans l\u2019univers de L&rsquo;ARTISAN\u00c0.<\/p>\n<p>[\/et_pb_text][\/et_pb_column][\/et_pb_row][\/et_pb_section][et_pb_section fb_built=\u00a0\u00bb1&Prime; custom_padding_last_edited=\u00a0\u00bbon|tablet\u00a0\u00bb _builder_version=\u00a0\u00bb4.16&Prime; _module_preset=\u00a0\u00bbdefault\u00a0\u00bb background_color=\u00a0\u00bb#f5f5f5&Prime; custom_padding=\u00a0\u00bb100px||100px||false|false\u00a0\u00bb custom_padding_tablet=\u00a0\u00bb50px||50px||true|false\u00a0\u00bb custom_padding_phone=\u00a0\u00bb\u00a0\u00bb global_colors_info=\u00a0\u00bb{}\u00a0\u00bb][et_pb_row column_structure=\u00a0\u00bb1_4,3_4&Prime; use_custom_gutter=\u00a0\u00bbon\u00a0\u00bb gutter_width=\u00a0\u00bb1&Prime; make_equal=\u00a0\u00bbon\u00a0\u00bb _builder_version=\u00a0\u00bb4.16&Prime; _module_preset=\u00a0\u00bbdefault\u00a0\u00bb custom_padding=\u00a0\u00bb0px||0px||true|\u00a0\u00bb global_colors_info=\u00a0\u00bb{}\u00a0\u00bb][et_pb_column type=\u00a0\u00bb1_4&Prime; _builder_version=\u00a0\u00bb4.16&Prime; _module_preset=\u00a0\u00bbdefault\u00a0\u00bb custom_padding=\u00a0\u00bb|50px|||false|false\u00a0\u00bb global_colors_info=\u00a0\u00bb{}\u00a0\u00bb][et_pb_text _builder_version=\u00a0\u00bb4.23.2&Prime; _module_preset=\u00a0\u00bbdefault\u00a0\u00bb header_2_text_color=\u00a0\u00bb#EDD83B\u00a0\u00bb max_width=\u00a0\u00bb350px\u00a0\u00bb module_alignment=\u00a0\u00bbleft\u00a0\u00bb custom_margin=\u00a0\u00bb||15px||false|false\u00a0\u00bb global_colors_info=\u00a0\u00bb{}\u00a0\u00bb]<\/p>\n<h3>Artisanat<br \/>\u00e0 taille d&rsquo;enfant<\/h3>\n<p>[\/et_pb_text][et_pb_text _builder_version=\u00a0\u00bb4.16&Prime; _module_preset=\u00a0\u00bbdefault\u00a0\u00bb max_width=\u00a0\u00bb250px\u00a0\u00bb module_alignment=\u00a0\u00bbleft\u00a0\u00bb custom_margin=\u00a0\u00bb||50px||false|false\u00a0\u00bb global_colors_info=\u00a0\u00bb{}\u00a0\u00bb]<\/p>\n<p style=\"font-weight: 400;\">Jeu, habilet\u00e9 manuelle et exp\u00e9rimentation : ainsi le savoir est transmis de g\u00e9n\u00e9ration en g\u00e9n\u00e9ration.<\/p>\n<p>[\/et_pb_text][\/et_pb_column][et_pb_column type=\u00a0\u00bb3_4&Prime; _builder_version=\u00a0\u00bb4.16&Prime; _module_preset=\u00a0\u00bbdefault\u00a0\u00bb custom_padding=\u00a0\u00bb||||false|false\u00a0\u00bb global_colors_info=\u00a0\u00bb{}\u00a0\u00bb][et_pb_gallery gallery_ids=\u00a0\u00bb7071,7182,7077,7075,7078,7180,7073,7181,7079,7074,7072,7076&Prime; posts_number=\u00a0\u00bb12&Prime; dbdb_version=\u00a0\u00bb3.5.2&Prime; show_title_and_caption=\u00a0\u00bboff\u00a0\u00bb show_pagination=\u00a0\u00bboff\u00a0\u00bb _builder_version=\u00a0\u00bb4.16&Prime; _module_preset=\u00a0\u00bbdefault\u00a0\u00bb custom_padding=\u00a0\u00bb||||true|false\u00a0\u00bb border_width_all=\u00a0\u00bb5px\u00a0\u00bb border_color_all=\u00a0\u00bb#f5f5f5&Prime; global_colors_info=\u00a0\u00bb{}\u00a0\u00bb][\/et_pb_gallery][\/et_pb_column][\/et_pb_row][\/et_pb_section]<\/p>\n","protected":false},"excerpt":{"rendered":"<p>L&rsquo;ARTISAN\u00c0Imaginez devoir vous souvenir de mille ans de personnes, d\u2019\u00e9v\u00e9nements, de savoir-faire manuels.Et si quelqu\u2019un vous aidait \u00e0 vous souvenir ?Mille ans en quatre motsFond\u00e9 en 1945 pour prot\u00e9ger et pr\u00e9server l\u2019artisanat en Vall\u00e9e d\u2019Aoste.L\u2019ARTISAN\u00c0 poursuit sa mission avec des mus\u00e9es, des ateliers p\u00e9dagogiques et de nouvelles marques de communication, portant haut le drapeau de [&hellip;]<\/p>\n","protected":false},"author":1,"featured_media":0,"parent":0,"menu_order":0,"comment_status":"closed","ping_status":"closed","template":"","meta":{"_et_pb_use_builder":"on","_et_pb_old_content":"","_et_gb_content_width":"","footnotes":""},"archivio-pagine":[],"class_list":["post-17312","page","type-page","status-publish","hentry"],"yoast_head":"<!-- This site is optimized with the Yoast SEO plugin v25.5 - https:\/\/yoast.com\/wordpress\/plugins\/seo\/ -->\n<title>IVAT - La Saint Ours<\/title>\n<meta name=\"robots\" content=\"noindex, nofollow\" \/>\n<meta property=\"og:locale\" content=\"fr_FR\" \/>\n<meta property=\"og:type\" content=\"article\" \/>\n<meta property=\"og:title\" content=\"IVAT - La Saint Ours\" \/>\n<meta property=\"og:description\" content=\"L&#039;ARTISAN\u00c0Imaginez devoir vous souvenir de mille ans de personnes, d\u2019\u00e9v\u00e9nements, de savoir-faire manuels.Et si quelqu\u2019un vous aidait \u00e0 vous souvenir ?Mille ans en quatre motsFond\u00e9 en 1945 pour prot\u00e9ger et pr\u00e9server l\u2019artisanat en Vall\u00e9e d\u2019Aoste.L\u2019ARTISAN\u00c0 poursuit sa mission avec des mus\u00e9es, des ateliers p\u00e9dagogiques et de nouvelles marques de communication, portant haut le drapeau de [&hellip;]\" \/>\n<meta property=\"og:url\" content=\"https:\/\/www.lasaintours.it\/ivat-aosta\/\" \/>\n<meta property=\"og:site_name\" content=\"La Saint Ours\" \/>\n<meta property=\"article:modified_time\" content=\"2025-12-04T14:21:48+00:00\" \/>\n<meta name=\"twitter:card\" content=\"summary_large_image\" \/>\n<meta name=\"twitter:label1\" content=\"Dur\u00e9e de lecture estim\u00e9e\" \/>\n\t<meta name=\"twitter:data1\" content=\"5 minutes\" \/>\n<script type=\"application\/ld+json\" class=\"yoast-schema-graph\">{\"@context\":\"https:\/\/schema.org\",\"@graph\":[{\"@type\":\"WebPage\",\"@id\":\"https:\/\/www.lasaintours.it\/ivat-aosta\/\",\"url\":\"https:\/\/www.lasaintours.it\/ivat-aosta\/\",\"name\":\"IVAT - La Saint Ours\",\"isPartOf\":{\"@id\":\"https:\/\/www.lasaintours.it\/#website\"},\"datePublished\":\"2021-08-05T08:22:47+00:00\",\"dateModified\":\"2025-12-04T14:21:48+00:00\",\"inLanguage\":\"fr-FR\",\"potentialAction\":[{\"@type\":\"ReadAction\",\"target\":[\"https:\/\/www.lasaintours.it\/ivat-aosta\/\"]}]},{\"@type\":\"WebSite\",\"@id\":\"https:\/\/www.lasaintours.it\/#website\",\"url\":\"https:\/\/www.lasaintours.it\/\",\"name\":\"La Saint Ours\",\"description\":\"Foire de Saint Ours\",\"potentialAction\":[{\"@type\":\"SearchAction\",\"target\":{\"@type\":\"EntryPoint\",\"urlTemplate\":\"https:\/\/www.lasaintours.it\/?s={search_term_string}\"},\"query-input\":{\"@type\":\"PropertyValueSpecification\",\"valueRequired\":true,\"valueName\":\"search_term_string\"}}],\"inLanguage\":\"fr-FR\"}]}<\/script>\n<!-- \/ Yoast SEO plugin. -->","yoast_head_json":{"title":"IVAT - La Saint Ours","robots":{"index":"noindex","follow":"nofollow"},"og_locale":"fr_FR","og_type":"article","og_title":"IVAT - La Saint Ours","og_description":"L'ARTISAN\u00c0Imaginez devoir vous souvenir de mille ans de personnes, d\u2019\u00e9v\u00e9nements, de savoir-faire manuels.Et si quelqu\u2019un vous aidait \u00e0 vous souvenir ?Mille ans en quatre motsFond\u00e9 en 1945 pour prot\u00e9ger et pr\u00e9server l\u2019artisanat en Vall\u00e9e d\u2019Aoste.L\u2019ARTISAN\u00c0 poursuit sa mission avec des mus\u00e9es, des ateliers p\u00e9dagogiques et de nouvelles marques de communication, portant haut le drapeau de [&hellip;]","og_url":"https:\/\/www.lasaintours.it\/ivat-aosta\/","og_site_name":"La Saint Ours","article_modified_time":"2025-12-04T14:21:48+00:00","twitter_card":"summary_large_image","twitter_misc":{"Dur\u00e9e de lecture estim\u00e9e":"5 minutes"},"schema":{"@context":"https:\/\/schema.org","@graph":[{"@type":"WebPage","@id":"https:\/\/www.lasaintours.it\/ivat-aosta\/","url":"https:\/\/www.lasaintours.it\/ivat-aosta\/","name":"IVAT - La Saint Ours","isPartOf":{"@id":"https:\/\/www.lasaintours.it\/#website"},"datePublished":"2021-08-05T08:22:47+00:00","dateModified":"2025-12-04T14:21:48+00:00","inLanguage":"fr-FR","potentialAction":[{"@type":"ReadAction","target":["https:\/\/www.lasaintours.it\/ivat-aosta\/"]}]},{"@type":"WebSite","@id":"https:\/\/www.lasaintours.it\/#website","url":"https:\/\/www.lasaintours.it\/","name":"La Saint Ours","description":"Foire de Saint Ours","potentialAction":[{"@type":"SearchAction","target":{"@type":"EntryPoint","urlTemplate":"https:\/\/www.lasaintours.it\/?s={search_term_string}"},"query-input":{"@type":"PropertyValueSpecification","valueRequired":true,"valueName":"search_term_string"}}],"inLanguage":"fr-FR"}]}},"_links":{"self":[{"href":"https:\/\/www.lasaintours.it\/fr\/wp-json\/wp\/v2\/pages\/17312","targetHints":{"allow":["GET"]}}],"collection":[{"href":"https:\/\/www.lasaintours.it\/fr\/wp-json\/wp\/v2\/pages"}],"about":[{"href":"https:\/\/www.lasaintours.it\/fr\/wp-json\/wp\/v2\/types\/page"}],"author":[{"embeddable":true,"href":"https:\/\/www.lasaintours.it\/fr\/wp-json\/wp\/v2\/users\/1"}],"replies":[{"embeddable":true,"href":"https:\/\/www.lasaintours.it\/fr\/wp-json\/wp\/v2\/comments?post=17312"}],"version-history":[{"count":15,"href":"https:\/\/www.lasaintours.it\/fr\/wp-json\/wp\/v2\/pages\/17312\/revisions"}],"predecessor-version":[{"id":32658,"href":"https:\/\/www.lasaintours.it\/fr\/wp-json\/wp\/v2\/pages\/17312\/revisions\/32658"}],"wp:attachment":[{"href":"https:\/\/www.lasaintours.it\/fr\/wp-json\/wp\/v2\/media?parent=17312"}],"wp:term":[{"taxonomy":"archivio-pagine","embeddable":true,"href":"https:\/\/www.lasaintours.it\/fr\/wp-json\/wp\/v2\/archivio-pagine?post=17312"}],"curies":[{"name":"wp","href":"https:\/\/api.w.org\/{rel}","templated":true}]}}