
{"id":17511,"date":"2021-08-06T11:20:43","date_gmt":"2021-08-06T09:20:43","guid":{"rendered":"https:\/\/www.lasaintours.it\/musees\/"},"modified":"2025-12-04T15:29:36","modified_gmt":"2025-12-04T14:29:36","slug":"musees","status":"publish","type":"page","link":"https:\/\/www.lasaintours.it\/fr\/musees\/","title":{"rendered":"Mus\u00e9es"},"content":{"rendered":"<p>[et_pb_section fb_built=\u00a0\u00bb1&Prime; custom_padding_last_edited=\u00a0\u00bbon|tablet\u00a0\u00bb module_id=\u00a0\u00bbsfondo1&Prime; module_class=\u00a0\u00bbsfondo1&Prime; _builder_version=\u00a0\u00bb4.23.2&Prime; background_color=\u00a0\u00bb#761813&Prime; custom_padding=\u00a0\u00bb75px||0px||false|false\u00a0\u00bb custom_padding_tablet=\u00a0\u00bb50px||||false|false\u00a0\u00bb custom_padding_phone=\u00a0\u00bb\u00a0\u00bb hover_enabled=\u00a0\u00bb0&Prime; global_colors_info=\u00a0\u00bb{}\u00a0\u00bb sticky_enabled=\u00a0\u00bb0&Prime; custom_margin=\u00a0\u00bb200px||||false|false\u00a0\u00bb][et_pb_row column_structure=\u00a0\u00bb2_5,3_5&Prime; use_custom_gutter=\u00a0\u00bbon\u00a0\u00bb gutter_width=\u00a0\u00bb1&Prime; make_equal=\u00a0\u00bbon\u00a0\u00bb _builder_version=\u00a0\u00bb4.16&Prime; module_alignment=\u00a0\u00bbcenter\u00a0\u00bb custom_padding=\u00a0\u00bb0px||0px||true|\u00a0\u00bb global_colors_info=\u00a0\u00bb{}\u00a0\u00bb][et_pb_column type=\u00a0\u00bb2_5&Prime; _builder_version=\u00a0\u00bb4.16&Prime; custom_padding=\u00a0\u00bb||||false|false\u00a0\u00bb custom_padding_tablet=\u00a0\u00bb||50px||false|false\u00a0\u00bb custom_padding_phone=\u00a0\u00bb\u00a0\u00bb custom_padding_last_edited=\u00a0\u00bbon|tablet\u00a0\u00bb global_colors_info=\u00a0\u00bb{}\u00a0\u00bb][et_pb_text _builder_version=\u00a0\u00bb4.16&Prime; header_text_color=\u00a0\u00bb#222222&Prime; custom_margin=\u00a0\u00bb||20px||false|false\u00a0\u00bb global_colors_info=\u00a0\u00bb{}\u00a0\u00bb]<\/p>\n<h1 style=\"text-align: left;\">Le <span style=\"color: #ffffff;\"><strong>Mus\u00e9<\/strong><\/span><br \/>de la vall\u00e9e<br \/>d&rsquo;aoste<\/h1>\n<p>[\/et_pb_text][et_pb_divider color=\u00a0\u00bb#FFFFFF\u00a0\u00bb _builder_version=\u00a0\u00bb4.23.2&Prime; _module_preset=\u00a0\u00bbdefault\u00a0\u00bb max_width=\u00a0\u00bb500px\u00a0\u00bb module_alignment=\u00a0\u00bbleft\u00a0\u00bb custom_margin=\u00a0\u00bb10px||0px||false|false\u00a0\u00bb global_colors_info=\u00a0\u00bb{}\u00a0\u00bb][\/et_pb_divider][et_pb_text _builder_version=\u00a0\u00bb4.16&Prime; header_text_color=\u00a0\u00bb#FFFFFF\u00a0\u00bb global_colors_info=\u00a0\u00bb{}\u00a0\u00bb]<\/p>\n<h3 style=\"text-align: left;\">MAV<\/h3>\n<p>[\/et_pb_text][et_pb_divider color=\u00a0\u00bb#FFFFFF\u00a0\u00bb _builder_version=\u00a0\u00bb4.23.2&Prime; _module_preset=\u00a0\u00bbdefault\u00a0\u00bb max_width=\u00a0\u00bb500px\u00a0\u00bb module_alignment=\u00a0\u00bbleft\u00a0\u00bb custom_margin=\u00a0\u00bb10px||10px||true|false\u00a0\u00bb global_colors_info=\u00a0\u00bb{}\u00a0\u00bb][\/et_pb_divider][et_pb_text _builder_version=\u00a0\u00bb4.16&Prime; _module_preset=\u00a0\u00bbdefault\u00a0\u00bb text_text_color=\u00a0\u00bb#222222&Prime; max_width=\u00a0\u00bb250px\u00a0\u00bb module_alignment=\u00a0\u00bbleft\u00a0\u00bb custom_margin=\u00a0\u00bb||35px||false|false\u00a0\u00bb global_colors_info=\u00a0\u00bb{}\u00a0\u00bb]<\/p>\n<p>On les appelle mus\u00e9es, mais en fait ce sont de v\u00e9ritables coffres-forts de la culture. Leurs murs abritent ce qu\u2019il y a de plus pr\u00e9cieux, ces objets qui ont travers\u00e9 les si\u00e8cles pour parvenir jusqu\u2019\u00e0 nous : l\u2019artisanat de tradition, avec sa m\u00e9moire du pass\u00e9 et ses ambitions d\u2019aujourd\u2019hui.<\/p>\n<p>[\/et_pb_text][et_pb_image src=\u00a0\u00bbhttps:\/\/www.lasaintours.it\/wp-content\/uploads\/2021\/06\/icona-pittogramma-2.png\u00a0\u00bb alt=\u00a0\u00bbLieu &#8211; La Saint Ours\u00a0\u00bb title_text=\u00a0\u00bbLieu &#8211; La Saint Ours\u00a0\u00bb _builder_version=\u00a0\u00bb4.16&Prime; _module_preset=\u00a0\u00bbdefault\u00a0\u00bb max_width=\u00a0\u00bb50px\u00a0\u00bb custom_margin=\u00a0\u00bb||||false|false\u00a0\u00bb custom_padding=\u00a0\u00bb||50px||false|false\u00a0\u00bb custom_padding_tablet=\u00a0\u00bb||0px||false|false\u00a0\u00bb custom_padding_phone=\u00a0\u00bb\u00a0\u00bb custom_padding_last_edited=\u00a0\u00bbon|tablet\u00a0\u00bb animation_style=\u00a0\u00bbroll\u00a0\u00bb locked=\u00a0\u00bboff\u00a0\u00bb global_colors_info=\u00a0\u00bb{}\u00a0\u00bb][\/et_pb_image][\/et_pb_column][et_pb_column type=\u00a0\u00bb3_5&Prime; _builder_version=\u00a0\u00bb4.16&Prime; custom_padding=\u00a0\u00bb||||false\u00a0\u00bb custom_padding_tablet=\u00a0\u00bb||0px||false|false\u00a0\u00bb custom_padding_phone=\u00a0\u00bb\u00a0\u00bb custom_padding_last_edited=\u00a0\u00bbon|tablet\u00a0\u00bb global_colors_info=\u00a0\u00bb{}\u00a0\u00bb][et_pb_image src=\u00a0\u00bbhttps:\/\/www.lasaintours.it\/wp-content\/uploads\/2025\/12\/Img_SaintOurs_Museo-02a.png\u00a0\u00bb alt=\u00a0\u00bbLa Saint Ours\u00a0\u00bb title_text=\u00a0\u00bbImg_SaintOurs_Museo-02a\u00a0\u00bb disabled_on=\u00a0\u00bboff|off|off\u00a0\u00bb _builder_version=\u00a0\u00bb4.23.2&Prime; _module_preset=\u00a0\u00bbdefault\u00a0\u00bb transform_scale_tablet=\u00a0\u00bb\u00a0\u00bb transform_scale_phone=\u00a0\u00bb\u00a0\u00bb transform_scale_last_edited=\u00a0\u00bbon|desktop\u00a0\u00bb transform_translate_tablet=\u00a0\u00bb0px|0px\u00a0\u00bb transform_translate_phone=\u00a0\u00bb\u00a0\u00bb transform_translate_last_edited=\u00a0\u00bbon|tablet\u00a0\u00bb transform_translate_linked=\u00a0\u00bboff\u00a0\u00bb transform_rotate_tablet=\u00a0\u00bb\u00a0\u00bb transform_rotate_phone=\u00a0\u00bb\u00a0\u00bb transform_rotate_last_edited=\u00a0\u00bbon|desktop\u00a0\u00bb transform_skew_tablet=\u00a0\u00bb\u00a0\u00bb transform_skew_phone=\u00a0\u00bb\u00a0\u00bb transform_skew_last_edited=\u00a0\u00bbon|desktop\u00a0\u00bb transform_origin_tablet=\u00a0\u00bb\u00a0\u00bb transform_origin_phone=\u00a0\u00bb\u00a0\u00bb transform_origin_last_edited=\u00a0\u00bbon|desktop\u00a0\u00bb transform_styles_last_edited=\u00a0\u00bbon|tablet\u00a0\u00bb z_index=\u00a0\u00bb500&Prime; max_width=\u00a0\u00bb600px\u00a0\u00bb max_width_tablet=\u00a0\u00bb300px\u00a0\u00bb max_width_phone=\u00a0\u00bb300px\u00a0\u00bb max_width_last_edited=\u00a0\u00bbon|phone\u00a0\u00bb module_alignment=\u00a0\u00bbcenter\u00a0\u00bb custom_margin=\u00a0\u00bb75px||0px||false|false\u00a0\u00bb custom_padding=\u00a0\u00bb||0px||false|false\u00a0\u00bb animation_style=\u00a0\u00bbslide\u00a0\u00bb animation_direction=\u00a0\u00bbright\u00a0\u00bb hover_enabled=\u00a0\u00bb0&Prime; transform_styles_tablet=\u00a0\u00bb\u00a0\u00bb transform_styles_phone=\u00a0\u00bb\u00a0\u00bb global_module=\u00a0\u00bb715&Prime; global_colors_info=\u00a0\u00bb{}\u00a0\u00bb sticky_enabled=\u00a0\u00bb0&Prime;][\/et_pb_image][\/et_pb_column][\/et_pb_row][\/et_pb_section][et_pb_section fb_built=\u00a0\u00bb1&Prime; custom_padding_last_edited=\u00a0\u00bbon|tablet\u00a0\u00bb module_id=\u00a0\u00bbsfondo1&Prime; module_class=\u00a0\u00bbsfondo1&Prime; _builder_version=\u00a0\u00bb4.23.2&Prime; _module_preset=\u00a0\u00bbdefault\u00a0\u00bb background_color=\u00a0\u00bb#761813&Prime; custom_padding=\u00a0\u00bb0px||100px||false|false\u00a0\u00bb custom_padding_tablet=\u00a0\u00bb||50px||false|false\u00a0\u00bb custom_padding_phone=\u00a0\u00bb\u00a0\u00bb global_colors_info=\u00a0\u00bb{}\u00a0\u00bb][et_pb_row column_structure=\u00a0\u00bb2_5,3_5&Prime; use_custom_gutter=\u00a0\u00bbon\u00a0\u00bb gutter_width=\u00a0\u00bb1&Prime; make_equal=\u00a0\u00bbon\u00a0\u00bb _builder_version=\u00a0\u00bb4.23.2&Prime; _module_preset=\u00a0\u00bbdefault\u00a0\u00bb background_enable_color=\u00a0\u00bboff\u00a0\u00bb z_index=\u00a0\u00bb500&Prime; custom_margin=\u00a0\u00bb|auto||auto|false|false\u00a0\u00bb custom_margin_tablet=\u00a0\u00bb||0px||false|false\u00a0\u00bb custom_margin_phone=\u00a0\u00bb\u00a0\u00bb custom_margin_last_edited=\u00a0\u00bbon|tablet\u00a0\u00bb custom_padding=\u00a0\u00bb0px||0px||true|false\u00a0\u00bb global_colors_info=\u00a0\u00bb{}\u00a0\u00bb][et_pb_column type=\u00a0\u00bb2_5&Prime; _builder_version=\u00a0\u00bb4.16&Prime; _module_preset=\u00a0\u00bbdefault\u00a0\u00bb background_color=\u00a0\u00bb#222222&Prime; background_color_gradient_direction=\u00a0\u00bb270deg\u00a0\u00bb background_enable_image=\u00a0\u00bboff\u00a0\u00bb background_position=\u00a0\u00bbtop_right\u00a0\u00bb transform_translate_linked=\u00a0\u00bboff\u00a0\u00bb custom_padding=\u00a0\u00bb50px|35px|50px|35px|true|true\u00a0\u00bb custom_padding_tablet=\u00a0\u00bb|25px||25px|true|true\u00a0\u00bb custom_padding_phone=\u00a0\u00bb\u00a0\u00bb custom_padding_last_edited=\u00a0\u00bbon|tablet\u00a0\u00bb animation_style=\u00a0\u00bbslide\u00a0\u00bb animation_direction=\u00a0\u00bbleft\u00a0\u00bb border_color_right=\u00a0\u00bb#efd44c\u00a0\u00bb border_width_right_tablet=\u00a0\u00bb0px\u00a0\u00bb border_width_right_phone=\u00a0\u00bb\u00a0\u00bb border_width_right_last_edited=\u00a0\u00bbon|tablet\u00a0\u00bb global_colors_info=\u00a0\u00bb{}\u00a0\u00bb background__hover_enabled=\u00a0\u00bbon|hover\u00a0\u00bb background_color__hover=\u00a0\u00bb#222222&Prime; background_enable_color__hover=\u00a0\u00bbon\u00a0\u00bb background_color_gradient_direction__hover=\u00a0\u00bb270deg\u00a0\u00bb][et_pb_text _builder_version=\u00a0\u00bb4.16&Prime; _module_preset=\u00a0\u00bbdefault\u00a0\u00bb header_2_text_color=\u00a0\u00bb#FFFFFF\u00a0\u00bb header_3_text_color=\u00a0\u00bb#FFFFFF\u00a0\u00bb global_colors_info=\u00a0\u00bb{}\u00a0\u00bb]<\/p>\n<h2>Mus\u00e9e<\/h2>\n<p>[\/et_pb_text][et_pb_text _builder_version=\u00a0\u00bb4.16&Prime; _module_preset=\u00a0\u00bbdefault\u00a0\u00bb text_text_color=\u00a0\u00bb#FFFFFF\u00a0\u00bb max_width=\u00a0\u00bb300px\u00a0\u00bb custom_margin=\u00a0\u00bb15px||||false|false\u00a0\u00bb custom_padding=\u00a0\u00bb||||false|true\u00a0\u00bb global_colors_info=\u00a0\u00bb{}\u00a0\u00bb]<\/p>\n<p style=\"font-weight: 400;\">Conserver un patrimoine mill\u00e9naire, transmettre les connaissances aux g\u00e9n\u00e9rations futures, prot\u00e9ger l\u2019unicit\u00e9 de la production artisanale.<\/p>\n<p>[\/et_pb_text][\/et_pb_column][et_pb_column type=\u00a0\u00bb3_5&Prime; _builder_version=\u00a0\u00bb4.16&Prime; _module_preset=\u00a0\u00bbdefault\u00a0\u00bb background_color=\u00a0\u00bb#bc7f4d\u00a0\u00bb background_color_gradient_direction=\u00a0\u00bb270deg\u00a0\u00bb background_enable_image=\u00a0\u00bboff\u00a0\u00bb background_position=\u00a0\u00bbtop_right\u00a0\u00bb transform_translate_linked=\u00a0\u00bboff\u00a0\u00bb custom_padding=\u00a0\u00bb||||true|true\u00a0\u00bb custom_padding_tablet=\u00a0\u00bb||||true|true\u00a0\u00bb custom_padding_phone=\u00a0\u00bb\u00a0\u00bb custom_padding_last_edited=\u00a0\u00bbon|phone\u00a0\u00bb animation_style=\u00a0\u00bbslide\u00a0\u00bb animation_direction=\u00a0\u00bbleft\u00a0\u00bb link_option_url=\u00a0\u00bbhttps:\/\/www.lartisana.vda.it\/mav\u00a0\u00bb link_option_url_new_window=\u00a0\u00bbon\u00a0\u00bb border_color_right=\u00a0\u00bb#efd44c\u00a0\u00bb border_width_right_tablet=\u00a0\u00bb0px\u00a0\u00bb border_width_right_phone=\u00a0\u00bb\u00a0\u00bb border_width_right_last_edited=\u00a0\u00bbon|tablet\u00a0\u00bb global_colors_info=\u00a0\u00bb{}\u00a0\u00bb background__hover_enabled=\u00a0\u00bbon|hover\u00a0\u00bb background_color__hover=\u00a0\u00bb#222222&Prime; background_enable_color__hover=\u00a0\u00bbon\u00a0\u00bb background_color_gradient_direction__hover=\u00a0\u00bb270deg\u00a0\u00bb][et_pb_image src=\u00a0\u00bbhttps:\/\/www.lasaintours.it\/wp-content\/uploads\/2022\/06\/mav-4.jpg\u00a0\u00bb alt=\u00a0\u00bbMAV\u00a0\u00bb title_text=\u00a0\u00bbMAV\u00a0\u00bb _builder_version=\u00a0\u00bb4.17.3&Prime; _module_preset=\u00a0\u00bbdefault\u00a0\u00bb global_colors_info=\u00a0\u00bb{}\u00a0\u00bb][\/et_pb_image][\/et_pb_column][\/et_pb_row][\/et_pb_section]<\/p>\n","protected":false},"excerpt":{"rendered":"<p>Le Mus\u00e9de la vall\u00e9ed&rsquo;aosteMAVOn les appelle mus\u00e9es, mais en fait ce sont de v\u00e9ritables coffres-forts de la culture. Leurs murs abritent ce qu\u2019il y a de plus pr\u00e9cieux, ces objets qui ont travers\u00e9 les si\u00e8cles pour parvenir jusqu\u2019\u00e0 nous : l\u2019artisanat de tradition, avec sa m\u00e9moire du pass\u00e9 et ses ambitions d\u2019aujourd\u2019hui.Mus\u00e9eConserver un patrimoine mill\u00e9naire, [&hellip;]<\/p>\n","protected":false},"author":1,"featured_media":0,"parent":0,"menu_order":0,"comment_status":"closed","ping_status":"closed","template":"","meta":{"_et_pb_use_builder":"on","_et_pb_old_content":"","_et_gb_content_width":"","footnotes":""},"archivio-pagine":[],"class_list":["post-17511","page","type-page","status-publish","hentry"],"yoast_head":"<!-- This site is optimized with the Yoast SEO plugin v25.5 - https:\/\/yoast.com\/wordpress\/plugins\/seo\/ -->\n<title>Tous les mus\u00e9es de la Valle d\u2019Aosta - Mav et Main - La Saint Ours<\/title>\n<meta name=\"robots\" content=\"index, follow, max-snippet:-1, max-image-preview:large, max-video-preview:-1\" \/>\n<link rel=\"canonical\" href=\"https:\/\/www.lasaintours.it\/fr\/musees\/\" \/>\n<meta property=\"og:locale\" content=\"fr_FR\" \/>\n<meta property=\"og:type\" content=\"article\" \/>\n<meta property=\"og:title\" content=\"Tous les mus\u00e9es de la Valle d\u2019Aosta - Mav et Main - La Saint Ours\" \/>\n<meta property=\"og:description\" content=\"Le Mus\u00e9de la vall\u00e9ed&#039;aosteMAVOn les appelle mus\u00e9es, mais en fait ce sont de v\u00e9ritables coffres-forts de la culture. Leurs murs abritent ce qu\u2019il y a de plus pr\u00e9cieux, ces objets qui ont travers\u00e9 les si\u00e8cles pour parvenir jusqu\u2019\u00e0 nous : l\u2019artisanat de tradition, avec sa m\u00e9moire du pass\u00e9 et ses ambitions d\u2019aujourd\u2019hui.Mus\u00e9eConserver un patrimoine mill\u00e9naire, [&hellip;]\" \/>\n<meta property=\"og:url\" content=\"https:\/\/www.lasaintours.it\/fr\/musees\/\" \/>\n<meta property=\"og:site_name\" content=\"La Saint Ours\" \/>\n<meta property=\"article:modified_time\" content=\"2025-12-04T14:29:36+00:00\" \/>\n<meta name=\"twitter:card\" content=\"summary_large_image\" \/>\n<meta name=\"twitter:label1\" content=\"Dur\u00e9e de lecture estim\u00e9e\" \/>\n\t<meta name=\"twitter:data1\" content=\"5 minutes\" \/>\n<script type=\"application\/ld+json\" class=\"yoast-schema-graph\">{\"@context\":\"https:\/\/schema.org\",\"@graph\":[{\"@type\":\"WebPage\",\"@id\":\"https:\/\/www.lasaintours.it\/fr\/musees\/\",\"url\":\"https:\/\/www.lasaintours.it\/fr\/musees\/\",\"name\":\"Tous les mus\u00e9es de la Valle d\u2019Aosta - Mav et Main - La Saint Ours\",\"isPartOf\":{\"@id\":\"https:\/\/www.lasaintours.it\/#website\"},\"datePublished\":\"2021-08-06T09:20:43+00:00\",\"dateModified\":\"2025-12-04T14:29:36+00:00\",\"inLanguage\":\"fr-FR\",\"potentialAction\":[{\"@type\":\"ReadAction\",\"target\":[\"https:\/\/www.lasaintours.it\/fr\/musees\/\"]}]},{\"@type\":\"WebSite\",\"@id\":\"https:\/\/www.lasaintours.it\/#website\",\"url\":\"https:\/\/www.lasaintours.it\/\",\"name\":\"La Saint Ours\",\"description\":\"Foire de Saint Ours\",\"potentialAction\":[{\"@type\":\"SearchAction\",\"target\":{\"@type\":\"EntryPoint\",\"urlTemplate\":\"https:\/\/www.lasaintours.it\/?s={search_term_string}\"},\"query-input\":{\"@type\":\"PropertyValueSpecification\",\"valueRequired\":true,\"valueName\":\"search_term_string\"}}],\"inLanguage\":\"fr-FR\"}]}<\/script>\n<!-- \/ Yoast SEO plugin. -->","yoast_head_json":{"title":"Tous les mus\u00e9es de la Valle d\u2019Aosta - Mav et Main - La Saint Ours","robots":{"index":"index","follow":"follow","max-snippet":"max-snippet:-1","max-image-preview":"max-image-preview:large","max-video-preview":"max-video-preview:-1"},"canonical":"https:\/\/www.lasaintours.it\/fr\/musees\/","og_locale":"fr_FR","og_type":"article","og_title":"Tous les mus\u00e9es de la Valle d\u2019Aosta - Mav et Main - La Saint Ours","og_description":"Le Mus\u00e9de la vall\u00e9ed'aosteMAVOn les appelle mus\u00e9es, mais en fait ce sont de v\u00e9ritables coffres-forts de la culture. Leurs murs abritent ce qu\u2019il y a de plus pr\u00e9cieux, ces objets qui ont travers\u00e9 les si\u00e8cles pour parvenir jusqu\u2019\u00e0 nous : l\u2019artisanat de tradition, avec sa m\u00e9moire du pass\u00e9 et ses ambitions d\u2019aujourd\u2019hui.Mus\u00e9eConserver un patrimoine mill\u00e9naire, [&hellip;]","og_url":"https:\/\/www.lasaintours.it\/fr\/musees\/","og_site_name":"La Saint Ours","article_modified_time":"2025-12-04T14:29:36+00:00","twitter_card":"summary_large_image","twitter_misc":{"Dur\u00e9e de lecture estim\u00e9e":"5 minutes"},"schema":{"@context":"https:\/\/schema.org","@graph":[{"@type":"WebPage","@id":"https:\/\/www.lasaintours.it\/fr\/musees\/","url":"https:\/\/www.lasaintours.it\/fr\/musees\/","name":"Tous les mus\u00e9es de la Valle d\u2019Aosta - Mav et Main - La Saint Ours","isPartOf":{"@id":"https:\/\/www.lasaintours.it\/#website"},"datePublished":"2021-08-06T09:20:43+00:00","dateModified":"2025-12-04T14:29:36+00:00","inLanguage":"fr-FR","potentialAction":[{"@type":"ReadAction","target":["https:\/\/www.lasaintours.it\/fr\/musees\/"]}]},{"@type":"WebSite","@id":"https:\/\/www.lasaintours.it\/#website","url":"https:\/\/www.lasaintours.it\/","name":"La Saint Ours","description":"Foire de Saint Ours","potentialAction":[{"@type":"SearchAction","target":{"@type":"EntryPoint","urlTemplate":"https:\/\/www.lasaintours.it\/?s={search_term_string}"},"query-input":{"@type":"PropertyValueSpecification","valueRequired":true,"valueName":"search_term_string"}}],"inLanguage":"fr-FR"}]}},"_links":{"self":[{"href":"https:\/\/www.lasaintours.it\/fr\/wp-json\/wp\/v2\/pages\/17511","targetHints":{"allow":["GET"]}}],"collection":[{"href":"https:\/\/www.lasaintours.it\/fr\/wp-json\/wp\/v2\/pages"}],"about":[{"href":"https:\/\/www.lasaintours.it\/fr\/wp-json\/wp\/v2\/types\/page"}],"author":[{"embeddable":true,"href":"https:\/\/www.lasaintours.it\/fr\/wp-json\/wp\/v2\/users\/1"}],"replies":[{"embeddable":true,"href":"https:\/\/www.lasaintours.it\/fr\/wp-json\/wp\/v2\/comments?post=17511"}],"version-history":[{"count":20,"href":"https:\/\/www.lasaintours.it\/fr\/wp-json\/wp\/v2\/pages\/17511\/revisions"}],"predecessor-version":[{"id":32675,"href":"https:\/\/www.lasaintours.it\/fr\/wp-json\/wp\/v2\/pages\/17511\/revisions\/32675"}],"wp:attachment":[{"href":"https:\/\/www.lasaintours.it\/fr\/wp-json\/wp\/v2\/media?parent=17511"}],"wp:term":[{"taxonomy":"archivio-pagine","embeddable":true,"href":"https:\/\/www.lasaintours.it\/fr\/wp-json\/wp\/v2\/archivio-pagine?post=17511"}],"curies":[{"name":"wp","href":"https:\/\/api.w.org\/{rel}","templated":true}]}}