
{"id":17556,"date":"2021-08-06T15:31:59","date_gmt":"2021-08-06T13:31:59","guid":{"rendered":"https:\/\/www.lasaintours.it\/privacy-policy\/"},"modified":"2021-08-06T15:35:53","modified_gmt":"2021-08-06T13:35:53","slug":"privacy-policy","status":"publish","type":"page","link":"https:\/\/www.lasaintours.it\/fr\/privacy-policy\/","title":{"rendered":"Privacy policy"},"content":{"rendered":"<p>[et_pb_section fb_built=\u00a0\u00bb1&Prime; custom_padding_last_edited=\u00a0\u00bbon|tablet\u00a0\u00bb module_id=\u00a0\u00bbsfondo1&Prime; module_class=\u00a0\u00bbsfondo1&Prime; _builder_version=\u00a0\u00bb4.9.7&Prime; background_color=\u00a0\u00bb#efd44c\u00a0\u00bb background_color_gradient_direction=\u00a0\u00bb145deg\u00a0\u00bb custom_padding=\u00a0\u00bb75px||0px||false|false\u00a0\u00bb custom_padding_tablet=\u00a0\u00bb50px||||false|false\u00a0\u00bb custom_padding_phone=\u00a0\u00bb\u00a0\u00bb locked=\u00a0\u00bboff\u00a0\u00bb][et_pb_row column_structure=\u00a0\u00bb2_5,3_5&Prime; use_custom_gutter=\u00a0\u00bbon\u00a0\u00bb gutter_width=\u00a0\u00bb1&Prime; make_equal=\u00a0\u00bbon\u00a0\u00bb _builder_version=\u00a0\u00bb4.9.7&Prime; module_alignment=\u00a0\u00bbcenter\u00a0\u00bb custom_padding=\u00a0\u00bb0px||0px||true|\u00a0\u00bb][et_pb_column type=\u00a0\u00bb2_5&Prime; _builder_version=\u00a0\u00bb4.9.7&Prime; custom_padding=\u00a0\u00bb||||false|false\u00a0\u00bb custom_padding_tablet=\u00a0\u00bb||50px||false|false\u00a0\u00bb custom_padding_phone=\u00a0\u00bb\u00a0\u00bb custom_padding_last_edited=\u00a0\u00bbon|tablet\u00a0\u00bb][et_pb_text _builder_version=\u00a0\u00bb4.9.7&Prime; header_text_color=\u00a0\u00bb#222222&Prime; custom_margin=\u00a0\u00bb||20px||false|false\u00a0\u00bb]<\/p>\n<h1 style=\"text-align: left;\">Privacy policy<\/h1>\n<p>[\/et_pb_text][et_pb_divider color=\u00a0\u00bb#222222&Prime; _builder_version=\u00a0\u00bb4.9.4&Prime; _module_preset=\u00a0\u00bbdefault\u00a0\u00bb max_width=\u00a0\u00bb500px\u00a0\u00bb module_alignment=\u00a0\u00bbleft\u00a0\u00bb custom_margin=\u00a0\u00bb10px||0px||false|false\u00a0\u00bb][\/et_pb_divider][et_pb_text _builder_version=\u00a0\u00bb4.9.7&Prime; header_text_color=\u00a0\u00bb#FFFFFF\u00a0\u00bb]<\/p>\n<h3 style=\"text-align: left;\">Confidentialit\u00e9 des donn\u00e9es personnelles <\/h3>\n<p>[\/et_pb_text][et_pb_divider color=\u00a0\u00bb#222222&Prime; _builder_version=\u00a0\u00bb4.9.4&Prime; _module_preset=\u00a0\u00bbdefault\u00a0\u00bb max_width=\u00a0\u00bb500px\u00a0\u00bb module_alignment=\u00a0\u00bbleft\u00a0\u00bb custom_margin=\u00a0\u00bb10px||10px||true|false\u00a0\u00bb][\/et_pb_divider][et_pb_text _builder_version=\u00a0\u00bb4.9.7&Prime; _module_preset=\u00a0\u00bbdefault\u00a0\u00bb text_text_color=\u00a0\u00bb#222222&Prime; max_width=\u00a0\u00bb250px\u00a0\u00bb module_alignment=\u00a0\u00bbleft\u00a0\u00bb custom_margin=\u00a0\u00bb||35px||false|false\u00a0\u00bb]<\/p>\n<p>Informations<\/p>\n<p>[\/et_pb_text][et_pb_image src=\u00a0\u00bbhttps:\/\/www.lasaintours.it\/wp-content\/uploads\/2021\/06\/icona-pittogrammi-3.png\u00a0\u00bb alt=\u00a0\u00bbLa Saint Ours\u00a0\u00bb title_text=\u00a0\u00bbLa Saint Ours\u00a0\u00bb _builder_version=\u00a0\u00bb4.9.7&Prime; _module_preset=\u00a0\u00bbdefault\u00a0\u00bb max_width=\u00a0\u00bb50px\u00a0\u00bb custom_margin=\u00a0\u00bb||||false|false\u00a0\u00bb custom_padding=\u00a0\u00bb||50px||false|false\u00a0\u00bb custom_padding_tablet=\u00a0\u00bb||0px||false|false\u00a0\u00bb custom_padding_phone=\u00a0\u00bb\u00a0\u00bb custom_padding_last_edited=\u00a0\u00bbon|tablet\u00a0\u00bb animation_style=\u00a0\u00bbroll\u00a0\u00bb locked=\u00a0\u00bboff\u00a0\u00bb][\/et_pb_image][\/et_pb_column][et_pb_column type=\u00a0\u00bb3_5&Prime; _builder_version=\u00a0\u00bb4.9.7&Prime; custom_padding=\u00a0\u00bb||||false\u00a0\u00bb custom_padding_tablet=\u00a0\u00bb||0px||false|false\u00a0\u00bb custom_padding_phone=\u00a0\u00bb\u00a0\u00bb custom_padding_last_edited=\u00a0\u00bbon|tablet\u00a0\u00bb][et_pb_image src=\u00a0\u00bbhttps:\/\/www.lasaintours.it\/wp-content\/uploads\/2021\/06\/grolla-foire-2021.png\u00a0\u00bb alt=\u00a0\u00bbExposition-Concours Vall\u00e9e d&rsquo;Aoste &#8211; La Saint Ours\u00a0\u00bb title_text=\u00a0\u00bbExposition-Concours Vall\u00e9e d&rsquo;Aoste &#8211; La Saint Ours\u00a0\u00bb disabled_on=\u00a0\u00bbon|on|off\u00a0\u00bb _builder_version=\u00a0\u00bb4.9.7&Prime; _module_preset=\u00a0\u00bbdefault\u00a0\u00bb transform_scale_tablet=\u00a0\u00bb\u00a0\u00bb transform_scale_phone=\u00a0\u00bb\u00a0\u00bb transform_scale_last_edited=\u00a0\u00bbon|desktop\u00a0\u00bb transform_translate_tablet=\u00a0\u00bb0px|0px\u00a0\u00bb transform_translate_phone=\u00a0\u00bb\u00a0\u00bb transform_translate_last_edited=\u00a0\u00bbon|tablet\u00a0\u00bb transform_translate_linked=\u00a0\u00bboff\u00a0\u00bb transform_rotate_tablet=\u00a0\u00bb\u00a0\u00bb transform_rotate_phone=\u00a0\u00bb\u00a0\u00bb transform_rotate_last_edited=\u00a0\u00bbon|desktop\u00a0\u00bb transform_skew_tablet=\u00a0\u00bb\u00a0\u00bb transform_skew_phone=\u00a0\u00bb\u00a0\u00bb transform_skew_last_edited=\u00a0\u00bbon|desktop\u00a0\u00bb transform_origin_tablet=\u00a0\u00bb\u00a0\u00bb transform_origin_phone=\u00a0\u00bb\u00a0\u00bb transform_origin_last_edited=\u00a0\u00bbon|desktop\u00a0\u00bb transform_styles_last_edited=\u00a0\u00bbon|tablet\u00a0\u00bb z_index=\u00a0\u00bb500&Prime; module_alignment=\u00a0\u00bbleft\u00a0\u00bb custom_margin=\u00a0\u00bb50px||0px||false|false\u00a0\u00bb custom_padding=\u00a0\u00bb||0px||false|false\u00a0\u00bb animation_style=\u00a0\u00bbslide\u00a0\u00bb animation_direction=\u00a0\u00bbright\u00a0\u00bb transform_styles_tablet=\u00a0\u00bb\u00a0\u00bb transform_styles_phone=\u00a0\u00bb\u00a0\u00bb global_module=\u00a0\u00bb715&Prime;][\/et_pb_image][\/et_pb_column][\/et_pb_row][\/et_pb_section][et_pb_section fb_built=\u00a0\u00bb1&Prime; _builder_version=\u00a0\u00bb4.4.6&Prime;][et_pb_row _builder_version=\u00a0\u00bb4.4.6&Prime; custom_padding=\u00a0\u00bb0px||0px|||\u00a0\u00bb][et_pb_column type=\u00a0\u00bb4_4&Prime; _builder_version=\u00a0\u00bb4.4.6&Prime;][et_pb_text _builder_version=\u00a0\u00bb4.9.7&Prime; hover_enabled=\u00a0\u00bb0&Prime; sticky_enabled=\u00a0\u00bb0&Prime;]<\/p>\n<p>Cette page illustre les modalit\u00e9s de gestion du portail internet de la R\u00e9gion autonome Vall\u00e9e d\u2019Aoste en mati\u00e8re de traitement des donn\u00e9es personnelles des utilisateurs qui le consultent. Les informations qui suivent rel\u00e8vent de l\u2019article 13 du R\u00e8glement de l\u2019Union europ\u00e9enne 2016\/679 &#8211; dit R\u00e8glement G\u00e9n\u00e9ral sur la Protection des Donn\u00e9es (RGPD) &#8211; et de la l\u00e9gislation italienne (d\u00e9crets l\u00e9gislatifs n\u00b0 196 du 30 juin 2003) en mati\u00e8re de protection des donn\u00e9es \u00e0 caract\u00e8re personnel des utilisateurs qui consultent le site de la R\u00e9gion autonome Vall\u00e9e d\u2019Aoste \u00e0 partir de l\u2019adresse www.regione.vda.it uniquement ; ces dispositions ne valent pas pour les sites internet externes \u00e9ventuellement reli\u00e9s \u00e0 celui de la R\u00e9gion par des liens<\/p>\n<p>Des informations suppl\u00e9mentaires sont disponibles sur les diff\u00e9rents canaux d\u2019acc\u00e8s, qui sont divis\u00e9s en fonction des sujets qu\u2019ils traitent (aires th\u00e9matiques).<\/p>\n<p>1. FINALIT\u00c9S DU TRAITEMENT DES DONN\u00c9ES<\/p>\n<p>Les donn\u00e9es collect\u00e9es sont trait\u00e9es dans le respect des r\u00e8gles fix\u00e9es par le RGPD pour les finalit\u00e9s suivantes :<\/p>\n<p>    exercice des fonctions d\u2019int\u00e9r\u00eat public de la R\u00e9gion autonome Vall\u00e9e d\u2019Aoste ou des fonctions inh\u00e9rentes \u00e0 l\u2019exercice des pouvoirs publics de celle-ci, y compris l\u2019archivage, la recherche historique ou les analyses \u00e0 des fins statistiques ;<br \/>\n    respect des obligations pr\u00e9vues par la loi, les r\u00e8glements ou la l\u00e9gislation europ\u00e9enne.<\/p>\n<p>Des finalit\u00e9s sp\u00e9cifiques, relatives aux divers traitements, peuvent \u00eatre d\u00e9crites de fa\u00e7on d\u00e9taill\u00e9e sur les divers canaux d\u2019acc\u00e8s, o\u00f9 les utilisateurs trouveront des informations suppl\u00e9mentaires relatives au traitement des donn\u00e9es \u00e0 caract\u00e8re personnel.<\/p>\n<p>2. TYPES DE DONN\u00c9ES TRAIT\u00c9ES<\/p>\n<p>2.1. Donn\u00e9es de connexion<\/p>\n<p>Dans le cadre de leur fonctionnement normal, les syst\u00e8mes informatiques et les logiciels consacr\u00e9s au fonctionnement de ce site internet collectent des donn\u00e9es (dont la transmission est intrins\u00e8que \u00e0 l\u2019utilisation des protocoles de communication de l\u2019internet) qui ne sont pas associ\u00e9es \u00e0 des utilisateurs directement identifiables.<\/p>\n<p>Appartiennent \u00e0 cette cat\u00e9gorie de donn\u00e9es les adresses IP et les noms de domaine des ordinateurs des utilisateurs du site, ainsi que les adresses URI (Uniform Resource Identifier) des ressources recherch\u00e9es, l\u2019heure de la demande, la m\u00e9thode utilis\u00e9e pour pr\u00e9senter la demande au serveur, la taille des fichiers re\u00e7us en r\u00e9ponse, le code num\u00e9rique indiquant l\u2019\u00e9tat de la r\u00e9ponse fournie par le serveur (succ\u00e8s, erreur, etc.) et d\u2019autres param\u00e8tres se r\u00e9f\u00e9rant au syst\u00e8me d\u2019exploitation et \u00e0 l\u2019environnement de l\u2019ordinateur de l\u2019utilisateur.<\/p>\n<p>Ces donn\u00e9es sont trait\u00e9es pendant le temps strictement n\u00e9cessaire et uniquement pour recueillir des informations statistiques anonymes sur l\u2019utilisation du site et pour contr\u00f4ler le bon fonctionnement de ce dernier.<\/p>\n<p>2.2. Cookies<\/p>\n<p>Pour les informations relatives aux cookies pr\u00e9sents sur le portail de la R\u00e9gion autonome Vall\u00e9e d\u2019Aoste, consulter la section Politique d\u2019utilisation des cookies.<\/p>\n<p>3. COMUNICATION ET DIFFUSION<\/p>\n<p>Les donn\u00e9es collect\u00e9es sont trait\u00e9es exclusivement par le personnel ou les collaborateurs de la R\u00e9gion, notamment par la soci\u00e9t\u00e9\u00e0 participation r\u00e9gionale IN.VA. S.p.A. qui, en sa qualit\u00e9 de Responsable du traitement des donn\u00e9es \u00e0 caract\u00e8re personnel au sens de l\u2019article 28 du RGPD, exerce des fonctions de gestion et de maintenance des syst\u00e8mes informatiques pour le compte de la R\u00e9gion.<\/p>\n<p>Certaines op\u00e9rations relatives au traitement peuvent \u00e9galement \u00eatre effectu\u00e9es par d\u2019autres sujets auxquels la R\u00e9gion d\u00e9l\u00e8gue, en tout ou partie, certaines fonctions li\u00e9es \u00e0 la fourniture des services. Le cas \u00e9ch\u00e9ant, par le biais de contrats ou d\u2019autres actes juridiques conformes au droit europ\u00e9en ou au droit des \u00c9tats membres, la R\u00e9gion impose auxdits sujets &#8211; d\u00e9sign\u00e9s comme Responsables du traitement &#8211; des obligations en mati\u00e8re de protection des donn\u00e9es personnelles, et ce, \u00e0 travers des instructions sur le mode d\u2019intervention, en particulier pour ce qui est de l\u2019adoption de mesures techniques et organisationnelles appropri\u00e9es, afin de garantir un niveau de confidentialit\u00e9 et de s\u00e9curit\u00e9 des donn\u00e9es adapt\u00e9 au risque, comme le pr\u00e9voit l\u2019article 32 du RGPD.<\/p>\n<p>En dehors des cas susmentionn\u00e9s, les donn\u00e9es ne seront communiqu\u00e9es \u00e0 aucun tiers, ni diffus\u00e9es, sauf dans les cas sp\u00e9cifiquement pr\u00e9vus par le droit national ou communautaire.<\/p>\n<p>4. TRANSFERT DES DONN\u00c9ES VERS DES PAYS N\u2019APPARTENANT PAS \u00c0 L\u2019UNION EUROP\u00c9ENNE<\/p>\n<p>Les donn\u00e9es collect\u00e9es et trait\u00e9es ne sont pas transf\u00e9r\u00e9es \u00e0 des soci\u00e9t\u00e9s ou autres sujets hors du territoire communautaire.<\/p>\n<p>5. DUR\u00c9E DE CONSERVATION DES DONN\u00c9ES<\/p>\n<p>Les crit\u00e8res utilis\u00e9s pour d\u00e9finir la dur\u00e9e de conservation des donn\u00e9es personnelles sont ceux que pr\u00e9voient les dispositions nationales en mati\u00e8re de conservation et, dans tous les cas, de respect des principes de lic\u00e9it\u00e9, de n\u00e9cessit\u00e9 et de proportionnalit\u00e9 du traitement, ainsi que des finalit\u00e9s pour lesquelles les donn\u00e9es ont \u00e9t\u00e9 fournies.<\/p>\n<p>6. DROITS DES UTILISATEURS (EN TANT QUE PERSONNES CONCERN\u00c9ES)<\/p>\n<p>Les utilisateurs ont la facult\u00e9 d\u2019exercer \u00e0 tout moment les droits vis\u00e9s aux articles 15 et suivants du RGPD et, conform\u00e9ment aux dispositions des lettres b) et d) du 2e alin\u00e9a de l\u2019article 13 de ce dernier, le droit de demander la rectification ou l\u2019effacement des donn\u00e9es d\u2019enregistrement qui les concernent, la limitation du traitement ou le droit de s\u2019opposer au traitement desdites donn\u00e9es, dans les cas pr\u00e9vus, ainsi que le droit de pr\u00e9senter une r\u00e9clamation au Garant pour la protection des donn\u00e9es personnelles, selon les proc\u00e9dures pr\u00e9vues et les indications publi\u00e9es sur le site internet officiel de l\u2019Autorit\u00e9, www.garanteprivacy.it.<\/p>\n<p>7. TITULAIRE DES DONN\u00c9ES<\/p>\n<p>Le titulaire des donn\u00e9es, relatives \u00e0 des personnes identifi\u00e9es ou identifiables ayant consult\u00e9 ce site, est la R\u00e9gion autonome Vall\u00e9e d\u2019Aoste (1 place Deffeyes, Aoste).<\/p>\n<p>Le Responsable de la Protection des donn\u00e9es de la R\u00e9gion peut \u00eatre contact\u00e9\u00e0 l\u2019adresse suivante :<\/p>\n<p>privacy@pec.regione.vda.it<\/p>\n<p>privacy@regione.vda.it<\/p>\n<p>[\/et_pb_text][\/et_pb_column][\/et_pb_row][\/et_pb_section]<\/p>\n","protected":false},"excerpt":{"rendered":"<p>Privacy policyConfidentialit\u00e9 des donn\u00e9es personnelles InformationsCette page illustre les modalit\u00e9s de gestion du portail internet de la R\u00e9gion autonome Vall\u00e9e d\u2019Aoste en mati\u00e8re de traitement des donn\u00e9es personnelles des utilisateurs qui le consultent. Les informations qui suivent rel\u00e8vent de l\u2019article 13 du R\u00e8glement de l\u2019Union europ\u00e9enne 2016\/679 &#8211; dit R\u00e8glement G\u00e9n\u00e9ral sur la Protection des [&hellip;]<\/p>\n","protected":false},"author":1,"featured_media":0,"parent":0,"menu_order":0,"comment_status":"closed","ping_status":"closed","template":"","meta":{"_et_pb_use_builder":"on","_et_pb_old_content":"","_et_gb_content_width":"","footnotes":""},"archivio-pagine":[],"class_list":["post-17556","page","type-page","status-publish","hentry"],"yoast_head":"<!-- This site is optimized with the Yoast SEO plugin v25.5 - https:\/\/yoast.com\/wordpress\/plugins\/seo\/ -->\n<title>Privacy policy - La Saint Ours<\/title>\n<meta name=\"robots\" content=\"index, follow, max-snippet:-1, max-image-preview:large, max-video-preview:-1\" \/>\n<link rel=\"canonical\" href=\"https:\/\/www.lasaintours.it\/fr\/privacy-policy\/\" \/>\n<meta property=\"og:locale\" content=\"fr_FR\" \/>\n<meta property=\"og:type\" content=\"article\" \/>\n<meta property=\"og:title\" content=\"Privacy policy - La Saint Ours\" \/>\n<meta property=\"og:description\" content=\"Privacy policyConfidentialit\u00e9 des donn\u00e9es personnelles InformationsCette page illustre les modalit\u00e9s de gestion du portail internet de la R\u00e9gion autonome Vall\u00e9e d\u2019Aoste en mati\u00e8re de traitement des donn\u00e9es personnelles des utilisateurs qui le consultent. Les informations qui suivent rel\u00e8vent de l\u2019article 13 du R\u00e8glement de l\u2019Union europ\u00e9enne 2016\/679 - dit R\u00e8glement G\u00e9n\u00e9ral sur la Protection des [&hellip;]\" \/>\n<meta property=\"og:url\" content=\"https:\/\/www.lasaintours.it\/fr\/privacy-policy\/\" \/>\n<meta property=\"og:site_name\" content=\"La Saint Ours\" \/>\n<meta property=\"article:modified_time\" content=\"2021-08-06T13:35:53+00:00\" \/>\n<meta name=\"twitter:card\" content=\"summary_large_image\" \/>\n<meta name=\"twitter:label1\" content=\"Dur\u00e9e de lecture estim\u00e9e\" \/>\n\t<meta name=\"twitter:data1\" content=\"8 minutes\" \/>\n<script type=\"application\/ld+json\" class=\"yoast-schema-graph\">{\"@context\":\"https:\/\/schema.org\",\"@graph\":[{\"@type\":\"WebPage\",\"@id\":\"https:\/\/www.lasaintours.it\/fr\/privacy-policy\/\",\"url\":\"https:\/\/www.lasaintours.it\/fr\/privacy-policy\/\",\"name\":\"Privacy policy - La Saint Ours\",\"isPartOf\":{\"@id\":\"https:\/\/www.lasaintours.it\/#website\"},\"datePublished\":\"2021-08-06T13:31:59+00:00\",\"dateModified\":\"2021-08-06T13:35:53+00:00\",\"inLanguage\":\"fr-FR\",\"potentialAction\":[{\"@type\":\"ReadAction\",\"target\":[\"https:\/\/www.lasaintours.it\/fr\/privacy-policy\/\"]}]},{\"@type\":\"WebSite\",\"@id\":\"https:\/\/www.lasaintours.it\/#website\",\"url\":\"https:\/\/www.lasaintours.it\/\",\"name\":\"La Saint Ours\",\"description\":\"Foire de Saint Ours\",\"potentialAction\":[{\"@type\":\"SearchAction\",\"target\":{\"@type\":\"EntryPoint\",\"urlTemplate\":\"https:\/\/www.lasaintours.it\/?s={search_term_string}\"},\"query-input\":{\"@type\":\"PropertyValueSpecification\",\"valueRequired\":true,\"valueName\":\"search_term_string\"}}],\"inLanguage\":\"fr-FR\"}]}<\/script>\n<!-- \/ Yoast SEO plugin. -->","yoast_head_json":{"title":"Privacy policy - La Saint Ours","robots":{"index":"index","follow":"follow","max-snippet":"max-snippet:-1","max-image-preview":"max-image-preview:large","max-video-preview":"max-video-preview:-1"},"canonical":"https:\/\/www.lasaintours.it\/fr\/privacy-policy\/","og_locale":"fr_FR","og_type":"article","og_title":"Privacy policy - La Saint Ours","og_description":"Privacy policyConfidentialit\u00e9 des donn\u00e9es personnelles InformationsCette page illustre les modalit\u00e9s de gestion du portail internet de la R\u00e9gion autonome Vall\u00e9e d\u2019Aoste en mati\u00e8re de traitement des donn\u00e9es personnelles des utilisateurs qui le consultent. Les informations qui suivent rel\u00e8vent de l\u2019article 13 du R\u00e8glement de l\u2019Union europ\u00e9enne 2016\/679 - dit R\u00e8glement G\u00e9n\u00e9ral sur la Protection des [&hellip;]","og_url":"https:\/\/www.lasaintours.it\/fr\/privacy-policy\/","og_site_name":"La Saint Ours","article_modified_time":"2021-08-06T13:35:53+00:00","twitter_card":"summary_large_image","twitter_misc":{"Dur\u00e9e de lecture estim\u00e9e":"8 minutes"},"schema":{"@context":"https:\/\/schema.org","@graph":[{"@type":"WebPage","@id":"https:\/\/www.lasaintours.it\/fr\/privacy-policy\/","url":"https:\/\/www.lasaintours.it\/fr\/privacy-policy\/","name":"Privacy policy - La Saint Ours","isPartOf":{"@id":"https:\/\/www.lasaintours.it\/#website"},"datePublished":"2021-08-06T13:31:59+00:00","dateModified":"2021-08-06T13:35:53+00:00","inLanguage":"fr-FR","potentialAction":[{"@type":"ReadAction","target":["https:\/\/www.lasaintours.it\/fr\/privacy-policy\/"]}]},{"@type":"WebSite","@id":"https:\/\/www.lasaintours.it\/#website","url":"https:\/\/www.lasaintours.it\/","name":"La Saint Ours","description":"Foire de Saint Ours","potentialAction":[{"@type":"SearchAction","target":{"@type":"EntryPoint","urlTemplate":"https:\/\/www.lasaintours.it\/?s={search_term_string}"},"query-input":{"@type":"PropertyValueSpecification","valueRequired":true,"valueName":"search_term_string"}}],"inLanguage":"fr-FR"}]}},"_links":{"self":[{"href":"https:\/\/www.lasaintours.it\/fr\/wp-json\/wp\/v2\/pages\/17556","targetHints":{"allow":["GET"]}}],"collection":[{"href":"https:\/\/www.lasaintours.it\/fr\/wp-json\/wp\/v2\/pages"}],"about":[{"href":"https:\/\/www.lasaintours.it\/fr\/wp-json\/wp\/v2\/types\/page"}],"author":[{"embeddable":true,"href":"https:\/\/www.lasaintours.it\/fr\/wp-json\/wp\/v2\/users\/1"}],"replies":[{"embeddable":true,"href":"https:\/\/www.lasaintours.it\/fr\/wp-json\/wp\/v2\/comments?post=17556"}],"version-history":[{"count":5,"href":"https:\/\/www.lasaintours.it\/fr\/wp-json\/wp\/v2\/pages\/17556\/revisions"}],"predecessor-version":[{"id":17562,"href":"https:\/\/www.lasaintours.it\/fr\/wp-json\/wp\/v2\/pages\/17556\/revisions\/17562"}],"wp:attachment":[{"href":"https:\/\/www.lasaintours.it\/fr\/wp-json\/wp\/v2\/media?parent=17556"}],"wp:term":[{"taxonomy":"archivio-pagine","embeddable":true,"href":"https:\/\/www.lasaintours.it\/fr\/wp-json\/wp\/v2\/archivio-pagine?post=17556"}],"curies":[{"name":"wp","href":"https:\/\/api.w.org\/{rel}","templated":true}]}}